{"id":74193,"date":"2023-02-11T23:57:48","date_gmt":"2023-02-11T21:57:48","guid":{"rendered":"https:\/\/mountainbikemovement.com\/project\/bikepark-serfaus-fiss-ladis"},"modified":"2023-02-28T10:24:19","modified_gmt":"2023-02-28T10:24:19","slug":"bikepark-serfaus-fiss-ladis","status":"publish","type":"project","link":"https:\/\/mountainbikemovement.com\/en\/project\/bikepark-serfaus-fiss-ladis","title":{"rendered":"Bikepark Serfaus-Fiss-Ladis"},"content":{"rendered":"<p>[et_pb_section fb_built=&#8221;1&#8243; custom_padding_last_edited=&#8221;on|tablet&#8221; _builder_version=&#8221;4.17.4&#8243; _module_preset=&#8221;default&#8221; background_color=&#8221;#000000&#8243; custom_margin=&#8221;0px||0px||false|false&#8221; custom_padding=&#8221;100px||0px||false|false&#8221; custom_padding_tablet=&#8221;120px||120px||false|false&#8221; custom_padding_phone=&#8221;90px||90px||false|false&#8221; locked=&#8221;off&#8221; global_colors_info=&#8221;{}&#8221;][et_pb_row _builder_version=&#8221;4.17.4&#8243; _module_preset=&#8221;default&#8221; width=&#8221;90%&#8221; max_width=&#8221;1300px&#8221; custom_margin=&#8221;0px||0px||false|false&#8221; custom_padding=&#8221;0px||0px||false|false&#8221; global_colors_info=&#8221;{}&#8221;][et_pb_column type=&#8221;4_4&#8243; _builder_version=&#8221;4.17.4&#8243; _module_preset=&#8221;default&#8221; global_colors_info=&#8221;{}&#8221;][et_pb_divider color=&#8221;#E3B53F&#8221; _builder_version=&#8221;4.14.4&#8243; _module_preset=&#8221;default&#8221; width=&#8221;64px&#8221; width_tablet=&#8221;64px&#8221; width_phone=&#8221;63px&#8221; width_last_edited=&#8221;on|phone&#8221; module_alignment=&#8221;center&#8221; custom_margin=&#8221;0px||3px||false|false&#8221; custom_padding=&#8221;0px||0px||false|false&#8221; global_colors_info=&#8221;{}&#8221;][\/et_pb_divider][et_pb_text _builder_version=&#8221;4.14.4&#8243; _module_preset=&#8221;default&#8221; header_2_font=&#8221;Merriweather Sans|700|||||||&#8221; header_2_text_align=&#8221;center&#8221; header_2_text_color=&#8221;#FFFFFF&#8221; header_2_font_size=&#8221;33px&#8221; custom_margin=&#8221;0px||48px||false|false&#8221; custom_padding=&#8221;0px||0px||false|false&#8221; header_2_font_size_tablet=&#8221;33px&#8221; header_2_font_size_phone=&#8221;30px&#8221; header_2_font_size_last_edited=&#8221;on|phone&#8221; header_2_line_height_tablet=&#8221;&#8221; header_2_line_height_phone=&#8221;1.3em&#8221; header_2_line_height_last_edited=&#8221;on|phone&#8221; global_colors_info=&#8221;{}&#8221;]<\/p>\n<h2><span class=\"NormalTextRun ContextualSpellingAndGrammarErrorV2Themed GrammarErrorHighlight SCXW205567344 BCX4\" data-ccp-parastyle=\"heading 1\">Bikepark Serfaus-Fiss-Ladis<\/span><\/h2>\n<p>[\/et_pb_text][et_pb_text _builder_version=&#8221;4.14.4&#8243; _module_preset=&#8221;default&#8221; text_font=&#8221;||||||||&#8221; text_text_color=&#8221;#FFFFFF&#8221; text_font_size=&#8221;21px&#8221; text_line_height=&#8221;1.8em&#8221; text_orientation=&#8221;center&#8221; max_width=&#8221;1280px&#8221; module_alignment=&#8221;center&#8221; custom_margin=&#8221;0px||53px||false|false&#8221; custom_padding=&#8221;0px||0px||false|false&#8221; text_font_size_tablet=&#8221;21px&#8221; text_font_size_phone=&#8221;18px&#8221; text_font_size_last_edited=&#8221;on|phone&#8221; global_colors_info=&#8221;{}&#8221;]<\/p>\n<p><span data-contrast=\"none\">Another project takes place on the Fisser backside. There, we built the Zirben Trail, which is easy and ideally suited for enduro riders. This trail originally starts at the top and winds down the backside of the back of the mountain until it enters the below pin forest. We also redesigned the Supernatural trail in the park, which is one of our flagship trails. Big and small jumps, wood construction, stones and side jumps, roots, step-ups, everything necessary that makes a red trail. We had free hands in planning and implementation. The result can be seen.\u202fIn the middle of the park, where we built a new downhill entrance to bypass a dangerous piece and avoid an unnecessary crossing with bridge construction in the steep terrain.<\/span><span data-ccp-props=\"{&quot;134233117&quot;:false,&quot;134233118&quot;:false,&quot;335551550&quot;:6,&quot;335551620&quot;:6,&quot;335559738&quot;:0,&quot;335559739&quot;:0}\">\u00a0<\/span><\/p>\n<p><span data-ccp-props=\"{&quot;134233117&quot;:false,&quot;134233118&quot;:false,&quot;335551550&quot;:6,&quot;335551620&quot;:6,&quot;335559738&quot;:0,&quot;335559739&quot;:0}\">\u00a0<\/span><\/p>\n<p><span data-contrast=\"none\">On the red track in Fiss, we built a section where we rebuilt the jumps. With the help of a 9 ton excavator we created a big new curve at the entrance, which leads to an easier table jump, then to a step-up jump and further to a fast S-curve. Here we completely rebuilt the wooden wallride, with a stone construction below and a wooden construction above of it. This is 12 m long and 4 m high, advanced bikers can even jump out\u202fat the end.<\/span><span data-ccp-props=\"{&quot;134233117&quot;:false,&quot;134233118&quot;:false,&quot;335551550&quot;:6,&quot;335551620&quot;:6,&quot;335559738&quot;:0,&quot;335559739&quot;:0}\">\u00a0<\/span><\/p>\n<p><span data-ccp-props=\"{&quot;134233117&quot;:false,&quot;134233118&quot;:false,&quot;335551550&quot;:6,&quot;335551620&quot;:6,&quot;335559738&quot;:0,&quot;335559739&quot;:0}\">\u00a0<\/span><\/p>\n<p><span data-contrast=\"none\">A blue jumpline was built on the old ski slope as a variant with 4 jumps, which follow each other and get bigger and bigger. This jumpline is ideal for practicing your first jumps. As every year, we rebuild the pump track in the parking lot in the spring, every year courage to new design.<\/span><\/p>\n<p>[\/et_pb_text][\/et_pb_column][\/et_pb_row][\/et_pb_section][et_pb_section fb_built=&#8221;1&#8243; _builder_version=&#8221;4.17.4&#8243; _module_preset=&#8221;default&#8221; background_color=&#8221;#000000&#8243; background_image=&#8221;https:\/\/mountainbikemovement.com\/wp-content\/uploads\/2022\/12\/architect-27-6-portfolio-1568&#215;1569-3.png&#8221; background_size=&#8221;initial&#8221; background_repeat=&#8221;repeat&#8221; custom_margin=&#8221;0px||0px||false|false&#8221; custom_padding=&#8221;1px||99px||false|false&#8221; locked=&#8221;off&#8221; global_colors_info=&#8221;{}&#8221;][et_pb_row use_custom_gutter=&#8221;on&#8221; gutter_width=&#8221;2&#8243; make_equal=&#8221;on&#8221; _builder_version=&#8221;4.16&#8243; width_tablet=&#8221;90%&#8221; width_phone=&#8221;90%&#8221; width_last_edited=&#8221;off|desktop&#8221; max_width_tablet=&#8221;90%&#8221; max_width_phone=&#8221;90%&#8221; max_width_last_edited=&#8221;off|desktop&#8221; custom_padding=&#8221;0px||0px|||&#8221; locked=&#8221;off&#8221; global_colors_info=&#8221;{}&#8221;][et_pb_column type=&#8221;4_4&#8243; _builder_version=&#8221;4.16&#8243; global_colors_info=&#8221;{}&#8221;][et_pb_slider arrows_custom_color=&#8221;#383838&#8243; dot_nav_custom_color=&#8221;#383838&#8243; _builder_version=&#8221;4.14.4&#8243; header_font=&#8221;||||||||&#8221; header_text_color=&#8221;#E3B53F&#8221; header_font_size=&#8221;20px&#8221; header_line_height=&#8221;1.8em&#8221; body_font=&#8221;||||||||&#8221; body_text_color=&#8221;#FFFFFF&#8221; body_font_size=&#8221;17px&#8221; body_line_height=&#8221;1.8em&#8221; background_color=&#8221;rgba(0,0,0,0)&#8221; custom_button=&#8221;on&#8221; button_text_color=&#8221;#FFFFFF&#8221; button_bg_color=&#8221;#FFFFFF&#8221; button_border_color=&#8221;#FFFFFF&#8221; button_icon_color=&#8221;#FFFFFF&#8221; custom_padding=&#8221;0px|12%|0px|12%||true&#8221; custom_padding_tablet=&#8221;&#8221; custom_padding_phone=&#8221;|0%||0%&#8221; custom_padding_last_edited=&#8221;on|desktop&#8221; hover_enabled=&#8221;0&#8243; header_font_size_tablet=&#8221;&#8221; header_font_size_phone=&#8221;16px&#8221; header_font_size_last_edited=&#8221;on|desktop&#8221; body_font_size_tablet=&#8221;&#8221; body_font_size_phone=&#8221;13px&#8221; body_font_size_last_edited=&#8221;on|phone&#8221; header_text_shadow_style=&#8221;preset1&#8243; header_text_shadow_color=&#8221;rgba(0,0,0,0)&#8221; body_text_shadow_style=&#8221;preset1&#8243; body_text_shadow_color=&#8221;rgba(0,0,0,0)&#8221; global_colors_info=&#8221;{}&#8221; sticky_enabled=&#8221;0&#8243;][et_pb_slide heading=&#8221;&quot;In recent years, we have been able to implement several projects with MBM &#8211; thanks to their expertise, commitment, and reliability, it has always been a very good collaboration.&quot;&#8221; _builder_version=&#8221;4.14.4&#8243; global_colors_info=&#8221;{}&#8221; sticky_transition=&#8221;on&#8221;]<\/p>\n<p><strong>Christian Zangerl<\/strong><br \/>Bikepark Serfaus-Fiss-Ladis &#8211; <strong>Bikepark Manager<\/strong><\/p>\n<p>[\/et_pb_slide][\/et_pb_slider][\/et_pb_column][\/et_pb_row][et_pb_row _builder_version=&#8221;4.17.4&#8243; _module_preset=&#8221;default&#8221; width=&#8221;90%&#8221; max_width=&#8221;1300px&#8221; custom_margin=&#8221;50px|auto|50px|auto|true|false&#8221; custom_padding=&#8221;0px||0px||false|false&#8221; global_colors_info=&#8221;{}&#8221;][et_pb_column type=&#8221;4_4&#8243; _builder_version=&#8221;4.17.4&#8243; _module_preset=&#8221;default&#8221; global_colors_info=&#8221;{}&#8221;][et_pb_text _builder_version=&#8221;4.14.4&#8243; _module_preset=&#8221;default&#8221; text_font=&#8221;||||||||&#8221; text_text_color=&#8221;#E3B53F&#8221; text_font_size=&#8221;15px&#8221; custom_margin=&#8221;0px||18px||false|false&#8221; custom_padding=&#8221;0px|0px|0px|97px|false|false&#8221; custom_css_before=&#8221;content: %22%22;||    position: relative;||    display: inline-block;||    width: 70px;||    height: 1px;||    background-color: #e3b53f;||\t\ttop:19px;||\t\tleft:-95px;||&#8221; border_color_all=&#8221;#E3B53F&#8221; global_colors_info=&#8221;{}&#8221; text_text_color__hover_enabled=&#8221;off|desktop&#8221; text_text_color__hover=&#8221;#d7926b&#8221;]<\/p>\n<p><span class=\"NormalTextRun ContextualSpellingAndGrammarErrorV2Themed GrammarErrorHighlight SCXW205567344 BCX4\" data-ccp-parastyle=\"heading 1\">Bikepark Serfaus-Fiss-Ladis<\/span><\/p>\n<p>[\/et_pb_text][\/et_pb_column][\/et_pb_row][et_pb_row _builder_version=&#8221;4.14.4&#8243; _module_preset=&#8221;default&#8221; global_colors_info=&#8221;{}&#8221;][et_pb_column type=&#8221;4_4&#8243; _builder_version=&#8221;4.14.4&#8243; _module_preset=&#8221;default&#8221; global_colors_info=&#8221;{}&#8221;][et_pb_text _builder_version=&#8221;4.14.4&#8243; _module_preset=&#8221;default&#8221; global_colors_info=&#8221;{}&#8221;]<\/p>\n<div class=\"rl-gallery-container rl-loading\" id=\"rl-gallery-container-1\" data-gallery_id=\"71715\"> <div class=\"rl-gallery rl-basicgrid-gallery \" id=\"rl-gallery-1\" data-gallery_no=\"1\"> <div class=\"rl-gallery-item\"><a href=\"https:\/\/mountainbikemovement.com\/wp-content\/uploads\/2023\/02\/IMG_2617-768x1024.jpg\" title=\"\" data-rl_title=\"\" class=\"rl-gallery-link\" data-rl_caption=\"\" data-rel=\"lightbox-gallery-1\"><img loading=\"lazy\" decoding=\"async\" src=\"https:\/\/mountainbikemovement.com\/wp-content\/uploads\/2023\/02\/IMG_2617-225x300.jpg\" width=\"225\" height=\"300\" alt=\"Ein Schotterweg mit Holzgel\u00e4nder schl\u00e4ngelt sich durch ein Waldgebiet bergauf. Hohe Kiefern und schneebedeckte Berge in der Ferne schaffen eine einladende Kulisse f\u00fcr ein Mountainbike-Abenteuer unter leicht bew\u00f6lktem Himmel.\" \/><\/a><\/div><div class=\"rl-gallery-item\"><a href=\"https:\/\/mountainbikemovement.com\/wp-content\/uploads\/2023\/02\/IMG_2511-768x1024.jpg\" title=\"\" data-rl_title=\"\" class=\"rl-gallery-link\" data-rl_caption=\"\" data-rel=\"lightbox-gallery-1\"><img loading=\"lazy\" decoding=\"async\" src=\"https:\/\/mountainbikemovement.com\/wp-content\/uploads\/2023\/02\/IMG_2511-225x300.jpg\" width=\"225\" height=\"300\" alt=\"Ein unbefestigter Weg schl\u00e4ngelt sich durch eine Berglandschaft mit Kiefern auf beiden Seiten, perfekt f\u00fcr ein aufregendes Mountainbike-Abenteuer, und f\u00fchrt zu schneebedeckten Gipfeln unter einem bew\u00f6lkten Himmel.\" \/><\/a><\/div><div class=\"rl-gallery-item\"><a href=\"https:\/\/mountainbikemovement.com\/wp-content\/uploads\/2023\/02\/IMG_2509-1024x768.jpg\" title=\"\" data-rl_title=\"\" class=\"rl-gallery-link\" data-rl_caption=\"\" data-rel=\"lightbox-gallery-1\"><img loading=\"lazy\" decoding=\"async\" src=\"https:\/\/mountainbikemovement.com\/wp-content\/uploads\/2023\/02\/IMG_2509-300x225.jpg\" width=\"300\" height=\"225\" alt=\"Eine Holzrampe schl\u00e4ngelt sich \u00fcber einen Waldweg an einem Berghang bergab und bietet einen atemberaubenden Blick auf eine Stadt, gr\u00fcne Felder und Berge \u2013 perfekt f\u00fcr jedes Mountainbike-Abenteuer.\" \/><\/a><\/div><div class=\"rl-gallery-item\"><a href=\"https:\/\/mountainbikemovement.com\/wp-content\/uploads\/2023\/02\/IMG_2470-1024x768.jpg\" title=\"\" data-rl_title=\"\" class=\"rl-gallery-link\" data-rl_caption=\"\" data-rel=\"lightbox-gallery-1\"><img loading=\"lazy\" decoding=\"async\" src=\"https:\/\/mountainbikemovement.com\/wp-content\/uploads\/2023\/02\/IMG_2470-300x225.jpg\" width=\"300\" height=\"225\" alt=\"Ein kleiner gelber Bagger steht auf einem Erdhang neben einem Schotterweg in einem nebligen Wald mit hohen immergr\u00fcnen B\u00e4umen. Der schlammige, unebene Boden zeigt Spuren k\u00fcrzlicher Mountainbike-Aktivit\u00e4ten: Verstreut liegen Grasflecken und Steine herum.\" \/><\/a><\/div><div class=\"rl-gallery-item\"><a href=\"https:\/\/mountainbikemovement.com\/wp-content\/uploads\/2023\/02\/IMG_2456-768x1024.jpg\" title=\"\" data-rl_title=\"\" class=\"rl-gallery-link\" data-rl_caption=\"\" data-rel=\"lightbox-gallery-1\"><img loading=\"lazy\" decoding=\"async\" src=\"https:\/\/mountainbikemovement.com\/wp-content\/uploads\/2023\/02\/IMG_2456-225x300.jpg\" width=\"225\" height=\"300\" alt=\"Holzbretter sind im Zickzack auf einem verschneiten Waldhang ausgelegt und suggerieren den Bau einer Mountainbike-Strecke. Werkzeuge und ein Benzinkanister liegen im Vordergrund zwischen Steinen und Erde und deuten auf die Bem\u00fchungen des Mountainbike-Teams hin.\" \/><\/a><\/div><div class=\"rl-gallery-item\"><a href=\"https:\/\/mountainbikemovement.com\/wp-content\/uploads\/2023\/02\/6951CD97-20F6-4DA9-992A-CAC1BAF64F35-576x1024.jpg\" title=\"\" data-rl_title=\"\" class=\"rl-gallery-link\" data-rl_caption=\"\" data-rel=\"lightbox-gallery-1\"><img loading=\"lazy\" decoding=\"async\" src=\"https:\/\/mountainbikemovement.com\/wp-content\/uploads\/2023\/02\/6951CD97-20F6-4DA9-992A-CAC1BAF64F35-169x300.jpg\" width=\"169\" height=\"300\" alt=\"Eine kleine gelbe R\u00fcttelplatte steht auf einem felsigen, grasbewachsenen Hang eines nebligen H\u00fcgels und eignet sich perfekt f\u00fcr die Anlage einer Mountainbike-Strecke. Kiefern s\u00e4umen den Hang, und durch den Nebel sind eine Seilbahn und Geb\u00e4ude darunter zu sehen.\" \/><\/a><\/div><div class=\"rl-gallery-item\"><a href=\"https:\/\/mountainbikemovement.com\/wp-content\/uploads\/2023\/02\/IMG_8409-768x1024.jpg\" title=\"\" data-rl_title=\"\" class=\"rl-gallery-link\" data-rl_caption=\"\" data-rel=\"lightbox-gallery-1\"><img loading=\"lazy\" decoding=\"async\" src=\"https:\/\/mountainbikemovement.com\/wp-content\/uploads\/2023\/02\/IMG_8409-225x300.jpg\" width=\"225\" height=\"300\" alt=\"Ein Holzsteg schl\u00e4ngelt sich durch ein Waldgebiet mit hohen Kiefern und trockenem Gras, f\u00fcgt sich in die Landschaft ein und f\u00fchrt sanft bergauf \u2013 perfekt f\u00fcr Mountainbike-Enthusiasten, die eine intensive Fahrt suchen.\" \/><\/a><\/div><div class=\"rl-gallery-item\"><a href=\"https:\/\/mountainbikemovement.com\/wp-content\/uploads\/2023\/02\/IMG_8372-768x1024.jpg\" title=\"\" data-rl_title=\"\" class=\"rl-gallery-link\" data-rl_caption=\"\" data-rel=\"lightbox-gallery-1\"><img loading=\"lazy\" decoding=\"async\" src=\"https:\/\/mountainbikemovement.com\/wp-content\/uploads\/2023\/02\/IMG_8372-225x300.jpg\" width=\"225\" height=\"300\" alt=\"Ein unbefestigter Wanderweg teilt sich in zwei Pfade, die sich durch einen Wald aus hohen immergr\u00fcnen B\u00e4umen an einem grasbewachsenen Hang schl\u00e4ngeln \u2013 perfekt f\u00fcr eine abenteuerliche Mountainbike-Tour.\" \/><\/a><\/div><div class=\"rl-gallery-item\"><a href=\"https:\/\/mountainbikemovement.com\/wp-content\/uploads\/2023\/02\/IMG_8360-768x1024.jpg\" title=\"\" data-rl_title=\"\" class=\"rl-gallery-link\" data-rl_caption=\"\" data-rel=\"lightbox-gallery-1\"><img loading=\"lazy\" decoding=\"async\" src=\"https:\/\/mountainbikemovement.com\/wp-content\/uploads\/2023\/02\/IMG_8360-225x300.jpg\" width=\"225\" height=\"300\" alt=\"Ein malerischer Mountainbike-Wanderweg schl\u00e4ngelt sich bergauf durch einen dichten Wald aus hohen Kiefern, wobei das Sonnenlicht durch die Zweige f\u00e4llt.\" \/><\/a><\/div><div class=\"rl-gallery-item\"><a href=\"https:\/\/mountainbikemovement.com\/wp-content\/uploads\/2023\/02\/IMG_8297-768x1024.jpg\" title=\"\" data-rl_title=\"\" class=\"rl-gallery-link\" data-rl_caption=\"\" data-rel=\"lightbox-gallery-1\"><img loading=\"lazy\" decoding=\"async\" src=\"https:\/\/mountainbikemovement.com\/wp-content\/uploads\/2023\/02\/IMG_8297-225x300.jpg\" width=\"225\" height=\"300\" alt=\"In der N\u00e4he einer Mountainbike-Strecke wird ein Fahrzeug einen steilen, grasbewachsenen Hang hinaufgezogen. In der N\u00e4he befinden sich eine Person und ein Hund. Im Hintergrund sind eine Stadt und Berge zu sehen.\" \/><\/a><\/div><div class=\"rl-gallery-item\"><a href=\"https:\/\/mountainbikemovement.com\/wp-content\/uploads\/2023\/02\/IMG_8296-1024x768.jpg\" title=\"\" data-rl_title=\"\" class=\"rl-gallery-link\" data-rl_caption=\"\" data-rel=\"lightbox-gallery-1\"><img loading=\"lazy\" decoding=\"async\" src=\"https:\/\/mountainbikemovement.com\/wp-content\/uploads\/2023\/02\/IMG_8296-300x225.jpg\" width=\"300\" height=\"225\" alt=\"Eine Person steht neben einem schwarzen Gel\u00e4ndewagen und bewegt mithilfe einer roten Kette und einer Winde gro\u00dfe Steine \u00fcber das Grasgel\u00e4nde \u2013 vielleicht um den Weg f\u00fcr eine epische Mountainbike-Tour freizumachen \u2013, w\u00e4hrend im Hintergrund das Sonnenlicht durch die B\u00e4ume f\u00e4llt.\" \/><\/a><\/div><div class=\"rl-gallery-item\"><a href=\"https:\/\/mountainbikemovement.com\/wp-content\/uploads\/2023\/02\/IMG_8293-1024x768.jpg\" title=\"\" data-rl_title=\"\" class=\"rl-gallery-link\" data-rl_caption=\"\" data-rel=\"lightbox-gallery-1\"><img loading=\"lazy\" decoding=\"async\" src=\"https:\/\/mountainbikemovement.com\/wp-content\/uploads\/2023\/02\/IMG_8293-300x225.jpg\" width=\"300\" height=\"225\" alt=\"Ein Pickup mit Mountainbikemovement-Logo parkt auf einem grasbewachsenen H\u00fcgel in der N\u00e4he eines Waldweges. In der Ferne ist zwischen hohen immergr\u00fcnen B\u00e4umen ein weiteres Fahrzeug zu sehen. Im Hintergrund sind schwach Berge zu erkennen.\" \/><\/a><\/div><div class=\"rl-gallery-item\"><a href=\"https:\/\/mountainbikemovement.com\/wp-content\/uploads\/2023\/02\/IMG_8247-1024x768.jpg\" title=\"\" data-rl_title=\"\" class=\"rl-gallery-link\" data-rl_caption=\"\" data-rel=\"lightbox-gallery-1\"><img loading=\"lazy\" decoding=\"async\" src=\"https:\/\/mountainbikemovement.com\/wp-content\/uploads\/2023\/02\/IMG_8247-300x225.jpg\" width=\"300\" height=\"225\" alt=\"Ein geschwungener Holzradweg schl\u00e4ngelt sich durch eine bewaldete Bergregion, mit hohen B\u00e4umen auf beiden Seiten und in der Ferne sichtbaren Gipfeln unter einem blauen Himmel \u2013 perfekt, um die Mountainbike-Bewegung zu genie\u00dfen.\" \/><\/a><\/div><div class=\"rl-gallery-item\"><a href=\"https:\/\/mountainbikemovement.com\/wp-content\/uploads\/2023\/02\/IMG_8226-768x1024.jpg\" title=\"\" data-rl_title=\"\" class=\"rl-gallery-link\" data-rl_caption=\"\" data-rel=\"lightbox-gallery-1\"><img loading=\"lazy\" decoding=\"async\" src=\"https:\/\/mountainbikemovement.com\/wp-content\/uploads\/2023\/02\/IMG_8226-225x300.jpg\" width=\"225\" height=\"300\" alt=\"Ein unbefestigter Mountainbike-Pfad schl\u00e4ngelt sich bergauf durch einen grasbewachsenen Hang mit kleinen Kiefern und f\u00fchrt unter einem teilweise bew\u00f6lkten Himmel zu einem dichten Wald aus hohen immergr\u00fcnen B\u00e4umen.\" \/><\/a><\/div><div class=\"rl-gallery-item\"><a href=\"https:\/\/mountainbikemovement.com\/wp-content\/uploads\/2023\/02\/IMG_8205-768x1024.jpg\" title=\"\" data-rl_title=\"\" class=\"rl-gallery-link\" data-rl_caption=\"\" data-rel=\"lightbox-gallery-1\"><img loading=\"lazy\" decoding=\"async\" src=\"https:\/\/mountainbikemovement.com\/wp-content\/uploads\/2023\/02\/IMG_8205-225x300.jpg\" width=\"225\" height=\"300\" alt=\"Ein unbefestigter Wanderweg schl\u00e4ngelt sich bergauf durch einen dichten Wald aus hohen Kiefern, perfekt f\u00fcr Mountainbike-Fans, mit Steinen und Moos am Wegesrand und vereinzeltem Gr\u00fcn auf dem Waldboden.\" \/><\/a><\/div><div class=\"rl-gallery-item\"><a href=\"https:\/\/mountainbikemovement.com\/wp-content\/uploads\/2023\/02\/IMG_8189-768x1024.jpg\" title=\"\" data-rl_title=\"\" class=\"rl-gallery-link\" data-rl_caption=\"\" data-rel=\"lightbox-gallery-1\"><img loading=\"lazy\" decoding=\"async\" src=\"https:\/\/mountainbikemovement.com\/wp-content\/uploads\/2023\/02\/IMG_8189-225x300.jpg\" width=\"225\" height=\"300\" alt=\"Ein unbefestigter Mountainbike-Pfad schl\u00e4ngelt sich durch einen dichten Wald, wobei hohe B\u00e4ume im hellen Sonnenlicht Schatten auf die Strecke werfen.\" \/><\/a><\/div><div class=\"rl-gallery-item\"><a href=\"https:\/\/mountainbikemovement.com\/wp-content\/uploads\/2023\/02\/IMG_8110-768x1024.jpg\" title=\"\" data-rl_title=\"\" class=\"rl-gallery-link\" data-rl_caption=\"\" data-rel=\"lightbox-gallery-1\"><img loading=\"lazy\" decoding=\"async\" src=\"https:\/\/mountainbikemovement.com\/wp-content\/uploads\/2023\/02\/IMG_8110-225x300.jpg\" width=\"225\" height=\"300\" alt=\"Eine Person bedient einen kleinen gelben Bagger an einem unbefestigten Hang in einem Waldgebiet und legt zwischen hohen B\u00e4umen und viel Gr\u00fcn einen neuen Mountainbike-Trail an. Der Boden wirkt frisch gegraben und uneben \u2013 perfekt f\u00fcr die Mountainbikemovement-Community.\" \/><\/a><\/div> <\/div> <\/div>\n<p>[\/et_pb_text][\/et_pb_column][\/et_pb_row][\/et_pb_section]<\/p>\n","protected":false},"excerpt":{"rendered":"<p>Bikepark Serfaus-Fiss-LadisAnother project takes place on the Fisser backside. There, we built the Zirben Trail, which is easy and ideally suited for enduro riders. This trail originally starts at the top and winds down the backside of the back of the mountain until it enters the below pin forest. We also redesigned the Supernatural trail [&hellip;]<\/p>\n","protected":false},"author":1,"featured_media":71717,"comment_status":"open","ping_status":"closed","template":"","meta":{"_et_pb_use_builder":"on","_et_pb_old_content":"","_et_gb_content_width":"","footnotes":""},"project_category":[46],"project_tag":[47],"class_list":["post-74193","project","type-project","status-publish","has-post-thumbnail","hentry","project_category-trail-en","project_tag-trail-en"],"_links":{"self":[{"href":"https:\/\/mountainbikemovement.com\/en\/wp-json\/wp\/v2\/project\/74193","targetHints":{"allow":["GET"]}}],"collection":[{"href":"https:\/\/mountainbikemovement.com\/en\/wp-json\/wp\/v2\/project"}],"about":[{"href":"https:\/\/mountainbikemovement.com\/en\/wp-json\/wp\/v2\/types\/project"}],"author":[{"embeddable":true,"href":"https:\/\/mountainbikemovement.com\/en\/wp-json\/wp\/v2\/users\/1"}],"replies":[{"embeddable":true,"href":"https:\/\/mountainbikemovement.com\/en\/wp-json\/wp\/v2\/comments?post=74193"}],"version-history":[{"count":2,"href":"https:\/\/mountainbikemovement.com\/en\/wp-json\/wp\/v2\/project\/74193\/revisions"}],"predecessor-version":[{"id":74195,"href":"https:\/\/mountainbikemovement.com\/en\/wp-json\/wp\/v2\/project\/74193\/revisions\/74195"}],"wp:featuredmedia":[{"embeddable":true,"href":"https:\/\/mountainbikemovement.com\/en\/wp-json\/wp\/v2\/media\/71717"}],"wp:attachment":[{"href":"https:\/\/mountainbikemovement.com\/en\/wp-json\/wp\/v2\/media?parent=74193"}],"wp:term":[{"taxonomy":"project_category","embeddable":true,"href":"https:\/\/mountainbikemovement.com\/en\/wp-json\/wp\/v2\/project_category?post=74193"},{"taxonomy":"project_tag","embeddable":true,"href":"https:\/\/mountainbikemovement.com\/en\/wp-json\/wp\/v2\/project_tag?post=74193"}],"curies":[{"name":"wp","href":"https:\/\/api.w.org\/{rel}","templated":true}]}}