{"id":76673,"date":"2025-02-24T17:48:09","date_gmt":"2025-02-24T15:48:09","guid":{"rendered":"https:\/\/mountainbikemovement.com\/project\/maintenance-of-burgenland-trails"},"modified":"2025-02-25T19:49:46","modified_gmt":"2025-02-25T17:49:46","slug":"maintenance-of-burgenland-trails","status":"publish","type":"project","link":"https:\/\/mountainbikemovement.com\/en\/project\/maintenance-of-burgenland-trails","title":{"rendered":"Maintenance of Burgenland Trails"},"content":{"rendered":"<p>[et_pb_section fb_built=&#8221;1&#8243; custom_padding_last_edited=&#8221;on|tablet&#8221; _builder_version=&#8221;4.17.4&#8243; _module_preset=&#8221;default&#8221; background_color=&#8221;#000000&#8243; custom_margin=&#8221;0px||0px||false|false&#8221; custom_padding=&#8221;100px||0px||false|false&#8221; custom_padding_tablet=&#8221;120px||120px||false|false&#8221; custom_padding_phone=&#8221;90px||90px||false|false&#8221; locked=&#8221;off&#8221; global_colors_info=&#8221;{}&#8221; theme_builder_area=&#8221;post_content&#8221;][et_pb_row _builder_version=&#8221;4.25.1&#8243; _module_preset=&#8221;default&#8221; width=&#8221;90%&#8221; custom_margin=&#8221;0px||0px||false|false&#8221; custom_padding=&#8221;0px||0px||false|false&#8221; global_colors_info=&#8221;{}&#8221; theme_builder_area=&#8221;post_content&#8221;][et_pb_column type=&#8221;4_4&#8243; _builder_version=&#8221;4.17.4&#8243; _module_preset=&#8221;default&#8221; global_colors_info=&#8221;{}&#8221; theme_builder_area=&#8221;post_content&#8221;][et_pb_divider color=&#8221;#E3B53F&#8221; _builder_version=&#8221;4.16&#8243; _module_preset=&#8221;default&#8221; width=&#8221;64px&#8221; width_tablet=&#8221;64px&#8221; width_phone=&#8221;63px&#8221; width_last_edited=&#8221;on|phone&#8221; module_alignment=&#8221;center&#8221; custom_margin=&#8221;0px||3px||false|false&#8221; custom_padding=&#8221;0px||0px||false|false&#8221; global_colors_info=&#8221;{}&#8221; theme_builder_area=&#8221;post_content&#8221;][\/et_pb_divider][et_pb_text _builder_version=&#8221;4.26.0&#8243; _module_preset=&#8221;default&#8221; header_2_font=&#8221;Merriweather Sans|700|||||||&#8221; header_2_text_align=&#8221;center&#8221; header_2_text_color=&#8221;#FFFFFF&#8221; header_2_font_size=&#8221;33px&#8221; custom_margin=&#8221;0px||48px||false|false&#8221; custom_padding=&#8221;0px||0px||false|false&#8221; hover_enabled=&#8221;0&#8243; header_2_font_size_tablet=&#8221;33px&#8221; header_2_font_size_phone=&#8221;30px&#8221; header_2_font_size_last_edited=&#8221;on|phone&#8221; header_2_line_height_tablet=&#8221;&#8221; header_2_line_height_phone=&#8221;1.3em&#8221; header_2_line_height_last_edited=&#8221;on|phone&#8221; global_colors_info=&#8221;{}&#8221; theme_builder_area=&#8221;post_content&#8221; sticky_enabled=&#8221;0&#8243;]<\/p>\n<h2>Maintenance Burgenland<\/h2>\n<p>[\/et_pb_text][et_pb_text _builder_version=&#8221;4.26.0&#8243; _module_preset=&#8221;default&#8221; text_font=&#8221;||||||||&#8221; text_text_color=&#8221;#FFFFFF&#8221; text_font_size=&#8221;21px&#8221; text_line_height=&#8221;1.8em&#8221; text_orientation=&#8221;center&#8221; max_width=&#8221;1080%&#8221; module_alignment=&#8221;center&#8221; custom_margin=&#8221;0px||53px||false|false&#8221; custom_padding=&#8221;0px||0px||false|false&#8221; hover_enabled=&#8221;0&#8243; text_font_size_tablet=&#8221;21px&#8221; text_font_size_phone=&#8221;18px&#8221; text_font_size_last_edited=&#8221;on|phone&#8221; global_colors_info=&#8221;{}&#8221; theme_builder_area=&#8221;post_content&#8221; sticky_enabled=&#8221;0&#8243;]<\/p>\n<p class=\"p1\">As part of our regular maintenance work in Burgenland, we use state-of-the-art machinery such as excavators, trail milling machines, and rollers\u2014complemented by plenty of manual labor. We carry out both minor and major modifications to the trails, integrating new jumps, sections, and berms to meet ever-changing demands. These efforts are supported by meticulous test rides, an optimized safety concept, and adjustments to difficulty levels and signage.<\/p>\n<p class=\"p1\"><span class=\"s1\">Burgenland is one of our most valued partners<\/span>, which is why we consider this region our second home. Our commitment and continuous trail improvements not only ensure a diverse riding experience but also guarantee the highest safety standards for all bikers.<\/p>\n<p>[\/et_pb_text][\/et_pb_column][\/et_pb_row][\/et_pb_section][et_pb_section fb_built=&#8221;1&#8243; _builder_version=&#8221;4.17.4&#8243; _module_preset=&#8221;default&#8221; background_color=&#8221;#000000&#8243; background_image=&#8221;https:\/\/mountainbikemovement.com\/wp-content\/uploads\/2022\/12\/architect-27-6-portfolio-1568&#215;1569-3.png&#8221; background_size=&#8221;initial&#8221; background_repeat=&#8221;repeat&#8221; custom_margin=&#8221;0px||0px||false|false&#8221; custom_padding=&#8221;1px||99px||false|false&#8221; locked=&#8221;off&#8221; global_colors_info=&#8221;{}&#8221; theme_builder_area=&#8221;post_content&#8221;][et_pb_row _builder_version=&#8221;4.25.1&#8243; _module_preset=&#8221;default&#8221; width=&#8221;90%&#8221; max_width=&#8221;1300px&#8221; custom_margin=&#8221;50px|auto|50px|auto|true|false&#8221; custom_padding=&#8221;0px||0px||false|false&#8221; global_colors_info=&#8221;{}&#8221; theme_builder_area=&#8221;post_content&#8221;][et_pb_column type=&#8221;4_4&#8243; _builder_version=&#8221;4.17.4&#8243; _module_preset=&#8221;default&#8221; global_colors_info=&#8221;{}&#8221; theme_builder_area=&#8221;post_content&#8221;][et_pb_text _builder_version=&#8221;4.26.0&#8243; _module_preset=&#8221;default&#8221; text_font=&#8221;||||||||&#8221; text_text_color=&#8221;#E3B53F&#8221; text_font_size=&#8221;15px&#8221; custom_margin=&#8221;0px||18px||false|false&#8221; custom_padding=&#8221;0px|0px|0px|97px|false|false&#8221; hover_enabled=&#8221;0&#8243; custom_css_before=&#8221;content: %22%22;||    position: relative;||    display: inline-block;||    width: 70px;||    height: 1px;||    background-color: #e3b53f;||\t\ttop:19px;||\t\tleft:-95px;||&#8221; border_color_all=&#8221;#E3B53F&#8221; global_colors_info=&#8221;{}&#8221; text_text_color__hover_enabled=&#8221;off|desktop&#8221; text_text_color__hover=&#8221;#d7926b&#8221; theme_builder_area=&#8221;post_content&#8221; sticky_enabled=&#8221;0&#8243;]<\/p>\n<p class=\"p1\"><b>Trail Maintenance<\/b><\/p>\n<p>[\/et_pb_text][\/et_pb_column][\/et_pb_row][et_pb_row _builder_version=&#8221;4.25.1&#8243; _module_preset=&#8221;default&#8221; max_width=&#8221;1280px&#8221; global_colors_info=&#8221;{}&#8221; theme_builder_area=&#8221;post_content&#8221;][et_pb_column type=&#8221;4_4&#8243; _builder_version=&#8221;4.16&#8243; _module_preset=&#8221;default&#8221; global_colors_info=&#8221;{}&#8221; theme_builder_area=&#8221;post_content&#8221;][et_pb_text _builder_version=&#8221;4.26.0&#8243; _module_preset=&#8221;default&#8221; text_orientation=&#8221;center&#8221; hover_enabled=&#8221;0&#8243; global_colors_info=&#8221;{}&#8221; theme_builder_area=&#8221;post_content&#8221; sticky_enabled=&#8221;0&#8243;]<\/p>\n<p><span><div class=\"rl-gallery-container rl-loading\" id=\"rl-gallery-container-1\" data-gallery_id=\"76671\"> <div class=\"rl-gallery rl-basicgrid-gallery \" id=\"rl-gallery-1\" data-gallery_no=\"1\"> <div class=\"rl-gallery-item\"><a href=\"https:\/\/mountainbikemovement.com\/wp-content\/uploads\/2025\/02\/IMG_9784-768x1024.jpeg\" title=\"\" data-rl_title=\"\" class=\"rl-gallery-link\" data-rl_caption=\"\" data-rel=\"lightbox-gallery-1\"><img loading=\"lazy\" decoding=\"async\" src=\"https:\/\/mountainbikemovement.com\/wp-content\/uploads\/2025\/02\/IMG_9784-225x300.jpeg\" width=\"225\" height=\"300\" alt=\"Ein Feldweg schl\u00e4ngelt sich durch einen sonnendurchfluteten Wald mit hohen B\u00e4umen und Laub am Boden. Links steht eine Holzbank, und Licht und Schatten schaffen eine ruhige Herbstatmosph\u00e4re, perfekt f\u00fcr eine gem\u00fctliche Mountainbike-Tour.\" \/><\/a><\/div><div class=\"rl-gallery-item\"><a href=\"https:\/\/mountainbikemovement.com\/wp-content\/uploads\/2025\/02\/IMG_9783-768x1024.jpeg\" title=\"\" data-rl_title=\"\" class=\"rl-gallery-link\" data-rl_caption=\"\" data-rel=\"lightbox-gallery-1\"><img loading=\"lazy\" decoding=\"async\" src=\"https:\/\/mountainbikemovement.com\/wp-content\/uploads\/2025\/02\/IMG_9783-225x300.jpeg\" width=\"225\" height=\"300\" alt=\"Ein kleiner gelber Bagger arbeitet auf einem Feldweg durch eine grasbewachsene, h\u00fcgelige Landschaft unter einem teilweise bew\u00f6lkten blauen Himmel, w\u00e4hrend das Sonnenlicht \u00fcber die B\u00e4ume und sanften H\u00fcgel in der Ferne scheint \u2013 perfekt f\u00fcr die Mountainbike-Bewegung.\" \/><\/a><\/div><div class=\"rl-gallery-item\"><a href=\"https:\/\/mountainbikemovement.com\/wp-content\/uploads\/2025\/02\/IMG_9782-768x1024.jpeg\" title=\"\" data-rl_title=\"\" class=\"rl-gallery-link\" data-rl_caption=\"\" data-rel=\"lightbox-gallery-1\"><img loading=\"lazy\" decoding=\"async\" src=\"https:\/\/mountainbikemovement.com\/wp-content\/uploads\/2025\/02\/IMG_9782-225x300.jpeg\" width=\"225\" height=\"300\" alt=\"Ein Feldweg schl\u00e4ngelt sich durch einen Wald mit kahlen B\u00e4umen und Schneeflecken auf dem Boden, beleuchtet von hellem Sonnenlicht \u2013 perfekt f\u00fcr eine malerische Mountainbike-Tour.\" \/><\/a><\/div><div class=\"rl-gallery-item\"><a href=\"https:\/\/mountainbikemovement.com\/wp-content\/uploads\/2025\/02\/IMG_9779-768x1024.jpeg\" title=\"\" data-rl_title=\"\" class=\"rl-gallery-link\" data-rl_caption=\"\" data-rel=\"lightbox-gallery-1\"><img loading=\"lazy\" decoding=\"async\" src=\"https:\/\/mountainbikemovement.com\/wp-content\/uploads\/2025\/02\/IMG_9779-225x300.jpeg\" width=\"225\" height=\"300\" alt=\"Ein gelber, mit Schneeflecken bedeckter Bagger steht auf verschneitem Boden in der N\u00e4he kahler B\u00e4ume. Auf der Fahrerhausscheibe sind Aufkleber zu sehen, darunter auch solche der Mountainbike-Bewegung, und Spuren f\u00fchren in ein Waldgebiet.\" \/><\/a><\/div><div class=\"rl-gallery-item\"><a href=\"https:\/\/mountainbikemovement.com\/wp-content\/uploads\/2025\/02\/IMG_9757-768x1024.jpeg\" title=\"\" data-rl_title=\"\" class=\"rl-gallery-link\" data-rl_caption=\"\" data-rel=\"lightbox-gallery-1\"><img loading=\"lazy\" decoding=\"async\" src=\"https:\/\/mountainbikemovement.com\/wp-content\/uploads\/2025\/02\/IMG_9757-225x300.jpeg\" width=\"225\" height=\"300\" alt=\"Eine Person in einer roten Jacke bedient einen gelben CAT-Bagger auf einem Feldweg in einem Waldgebiet, umgeben von hohen B\u00e4umen und vereinzeltem Sonnenlicht, und bereitet wahrscheinlich den Weg f\u00fcr Mountainbikemovement-Aktivit\u00e4ten vor.\" \/><\/a><\/div><div class=\"rl-gallery-item\"><a href=\"https:\/\/mountainbikemovement.com\/wp-content\/uploads\/2025\/02\/IMG_9747-768x1024.jpeg\" title=\"\" data-rl_title=\"\" class=\"rl-gallery-link\" data-rl_caption=\"\" data-rel=\"lightbox-gallery-1\"><img loading=\"lazy\" decoding=\"async\" src=\"https:\/\/mountainbikemovement.com\/wp-content\/uploads\/2025\/02\/IMG_9747-225x300.jpeg\" width=\"225\" height=\"300\" alt=\"Ein kleiner Bagger arbeitet an einem Feldweg in einem Waldgebiet mit Herbstlaub, w\u00e4hrend im Vordergrund eine kompakte R\u00fcttelplatte zu sehen ist \u2013 perfekt f\u00fcr die Gestaltung dieser neuen MTB-Route f\u00fcr die Mountainbikemovement-Community.\" \/><\/a><\/div><div class=\"rl-gallery-item\"><a href=\"https:\/\/mountainbikemovement.com\/wp-content\/uploads\/2025\/02\/IMG_9746-768x1024.jpeg\" title=\"\" data-rl_title=\"\" class=\"rl-gallery-link\" data-rl_caption=\"\" data-rel=\"lightbox-gallery-1\"><img loading=\"lazy\" decoding=\"async\" src=\"https:\/\/mountainbikemovement.com\/wp-content\/uploads\/2025\/02\/IMG_9746-225x300.jpeg\" width=\"225\" height=\"300\" alt=\"An einem bew\u00f6lkten Tag schl\u00e4ngelt sich ein Feldweg durch einen Wald mit hohen, kahlen B\u00e4umen. Abgefallene Bl\u00e4tter bedecken den Boden, w\u00e4hrend das Herbstlaub der Landschaft gelbe und braune Farbt\u00f6ne verleiht \u2013 perfekt f\u00fcr ein entspanntes Mountainbike-Abenteuer.\" \/><\/a><\/div><div class=\"rl-gallery-item\"><a href=\"https:\/\/mountainbikemovement.com\/wp-content\/uploads\/2025\/02\/IMG_9744-768x1024.jpeg\" title=\"\" data-rl_title=\"\" class=\"rl-gallery-link\" data-rl_caption=\"\" data-rel=\"lightbox-gallery-1\"><img loading=\"lazy\" decoding=\"async\" src=\"https:\/\/mountainbikemovement.com\/wp-content\/uploads\/2025\/02\/IMG_9744-225x300.jpeg\" width=\"225\" height=\"300\" alt=\"Ein gelber CAT-Minibagger f\u00e4hrt auf einem Feldweg durch einen Wald mit hohen, kahlen B\u00e4umen. Zwei Arbeiter in orangefarbenen Westen sind zu sehen \u2013 einer bedient die Maschine, ein anderer steht dahinter. Der Boden ist mit Laub bedeckt.\" \/><\/a><\/div><div class=\"rl-gallery-item\"><a href=\"https:\/\/mountainbikemovement.com\/wp-content\/uploads\/2025\/02\/IMG_9552-768x1024.jpeg\" title=\"\" data-rl_title=\"\" class=\"rl-gallery-link\" data-rl_caption=\"\" data-rel=\"lightbox-gallery-1\"><img loading=\"lazy\" decoding=\"async\" src=\"https:\/\/mountainbikemovement.com\/wp-content\/uploads\/2025\/02\/IMG_9552-225x300.jpeg\" width=\"225\" height=\"300\" alt=\"Ein schmaler Feldweg schl\u00e4ngelt sich durch einen Wald mit hohen B\u00e4umen, Sonnenflecken und Felsen, die Teile des Weges s\u00e4umen \u2013 eine einladende Route f\u00fcr ein Mountainbike-Abenteuer inmitten einer ruhigen, nat\u00fcrlichen Landschaft mit gr\u00fcnem Gras und verstreuten Bl\u00e4ttern.\" \/><\/a><\/div><div class=\"rl-gallery-item\"><a href=\"https:\/\/mountainbikemovement.com\/wp-content\/uploads\/2025\/02\/IMG_9549-768x1024.jpeg\" title=\"\" data-rl_title=\"\" class=\"rl-gallery-link\" data-rl_caption=\"\" data-rel=\"lightbox-gallery-1\"><img loading=\"lazy\" decoding=\"async\" src=\"https:\/\/mountainbikemovement.com\/wp-content\/uploads\/2025\/02\/IMG_9549-225x300.jpeg\" width=\"225\" height=\"300\" alt=\"Ein ferngesteuertes Kettenfahrzeug mit der Aufschrift \u201eCOMMAND\u201c f\u00e4hrt einen felsigen, moosigen Hang in einem Wald aus hohen Kiefern hinauf und navigiert durch das zerkl\u00fcftete Gel\u00e4nde wie ein Mountainbike auf einer anspruchsvollen Strecke.\" \/><\/a><\/div><div class=\"rl-gallery-item\"><a href=\"https:\/\/mountainbikemovement.com\/wp-content\/uploads\/2025\/02\/IMG_9548-768x1024.jpeg\" title=\"\" data-rl_title=\"\" class=\"rl-gallery-link\" data-rl_caption=\"\" data-rel=\"lightbox-gallery-1\"><img loading=\"lazy\" decoding=\"async\" src=\"https:\/\/mountainbikemovement.com\/wp-content\/uploads\/2025\/02\/IMG_9548-225x300.jpeg\" width=\"225\" height=\"300\" alt=\"Ein orangefarbener Cormidi-Ketten-Minilader steht auf einem steilen, felsigen Waldhang neben einem schroffen Mountainbike-Pfad, umgeben von hohen Kiefern und \u00fcppigem Gr\u00fcn.\" \/><\/a><\/div><div class=\"rl-gallery-item\"><a href=\"https:\/\/mountainbikemovement.com\/wp-content\/uploads\/2025\/02\/IMG_9482-768x1024.jpeg\" title=\"\" data-rl_title=\"\" class=\"rl-gallery-link\" data-rl_caption=\"\" data-rel=\"lightbox-gallery-1\"><img loading=\"lazy\" decoding=\"async\" src=\"https:\/\/mountainbikemovement.com\/wp-content\/uploads\/2025\/02\/IMG_9482-225x300.jpeg\" width=\"225\" height=\"300\" alt=\"Ein orangefarbenes ferngesteuertes Baufahrzeug und ein dreieckiges \u201eM\u00e4nner bei der Arbeit\u201c-Schild stehen unter einem bew\u00f6lkten Himmel auf dem Gras neben einer Mountainbike-Strecke vor einem Steinturmgeb\u00e4ude mit einer Aussichtsplattform.\" \/><\/a><\/div><div class=\"rl-gallery-item\"><a href=\"https:\/\/mountainbikemovement.com\/wp-content\/uploads\/2025\/02\/IMG_8580-768x1024.jpeg\" title=\"\" data-rl_title=\"\" class=\"rl-gallery-link\" data-rl_caption=\"\" data-rel=\"lightbox-gallery-1\"><img loading=\"lazy\" decoding=\"async\" src=\"https:\/\/mountainbikemovement.com\/wp-content\/uploads\/2025\/02\/IMG_8580-225x300.jpeg\" width=\"225\" height=\"300\" alt=\"Ein Feldweg in einem Wald mit einem kleinen Sprung oder einer Rampe aus gestapelten Steinen und verdichteter Erde, perfekt f\u00fcr Mountainbiker, umgeben von gr\u00fcnen B\u00e4umen und Laub.\" \/><\/a><\/div><div class=\"rl-gallery-item\"><a href=\"https:\/\/mountainbikemovement.com\/wp-content\/uploads\/2025\/02\/IMG_8536-768x1024.jpeg\" title=\"\" data-rl_title=\"\" class=\"rl-gallery-link\" data-rl_caption=\"\" data-rel=\"lightbox-gallery-1\"><img loading=\"lazy\" decoding=\"async\" src=\"https:\/\/mountainbikemovement.com\/wp-content\/uploads\/2025\/02\/IMG_8536-225x300.jpeg\" width=\"225\" height=\"300\" alt=\"Ein Mann in Arbeitshandschuhen und Outdoor-Kleidung gr\u00e4bt mit einer Hacke eine Mountainbike-Strecke im Wald. Hinter ihm steht eine Schubkarre auf dem Weg zwischen hohen B\u00e4umen und viel Gr\u00fcn und zeigt damit seine Beteiligung an der Mountainbike-Bewegung.\" \/><\/a><\/div><div class=\"rl-gallery-item\"><a href=\"https:\/\/mountainbikemovement.com\/wp-content\/uploads\/2025\/02\/IMG_8517-768x1024.jpeg\" title=\"\" data-rl_title=\"\" class=\"rl-gallery-link\" data-rl_caption=\"\" data-rel=\"lightbox-gallery-1\"><img loading=\"lazy\" decoding=\"async\" src=\"https:\/\/mountainbikemovement.com\/wp-content\/uploads\/2025\/02\/IMG_8517-225x300.jpeg\" width=\"225\" height=\"300\" alt=\"Eine Person schaufelt auf einer schlammigen Mountainbike-Strecke neben einer gro\u00dfen Pf\u00fctze, umgeben von gr\u00fcnen B\u00e4umen und Pflanzen. Im Hintergrund ist eine Schubkarre zu sehen, der Fokus liegt auf der Pf\u00fctze im Vordergrund.\" \/><\/a><\/div><div class=\"rl-gallery-item\"><a href=\"https:\/\/mountainbikemovement.com\/wp-content\/uploads\/2025\/02\/IMG_8506-768x1024.jpeg\" title=\"\" data-rl_title=\"\" class=\"rl-gallery-link\" data-rl_caption=\"\" data-rel=\"lightbox-gallery-1\"><img loading=\"lazy\" decoding=\"async\" src=\"https:\/\/mountainbikemovement.com\/wp-content\/uploads\/2025\/02\/IMG_8506-225x300.jpeg\" width=\"225\" height=\"300\" alt=\"Eine unbefestigte Mountainbike-Strecke schl\u00e4ngelt sich bergab durch einen sonnenbeschienenen Wald. Im Vordergrund ist ein gro\u00dfer Sprung zu sehen, und weiter unten auf dem Weg steht zwischen hohen B\u00e4umen eine Person mit einem Mountainbike.\" \/><\/a><\/div><div class=\"rl-gallery-item\"><a href=\"https:\/\/mountainbikemovement.com\/wp-content\/uploads\/2025\/02\/IMG_8497-768x1024.jpeg\" title=\"\" data-rl_title=\"\" class=\"rl-gallery-link\" data-rl_caption=\"\" data-rel=\"lightbox-gallery-1\"><img loading=\"lazy\" decoding=\"async\" src=\"https:\/\/mountainbikemovement.com\/wp-content\/uploads\/2025\/02\/IMG_8497-225x300.jpeg\" width=\"225\" height=\"300\" alt=\"Eine Schubkarre voller Gartenger\u00e4te steht auf einem steinigen Feldweg, der auch als Mountainbike-Strecke dient, in einem sonnenbeschienenen Wald, umgeben von gr\u00fcnen B\u00e4umen und Laub.\" \/><\/a><\/div><div class=\"rl-gallery-item\"><a href=\"https:\/\/mountainbikemovement.com\/wp-content\/uploads\/2025\/02\/IMG_8496-768x1024.jpeg\" title=\"\" data-rl_title=\"\" class=\"rl-gallery-link\" data-rl_caption=\"\" data-rel=\"lightbox-gallery-1\"><img loading=\"lazy\" decoding=\"async\" src=\"https:\/\/mountainbikemovement.com\/wp-content\/uploads\/2025\/02\/IMG_8496-225x300.jpeg\" width=\"225\" height=\"300\" alt=\"Ein Feldweg schl\u00e4ngelt sich durch einen sonnenbeschienenen Wald mit hohen B\u00e4umen. Im Vordergrund bildet ein kleiner Erd- und Steinhaufen eine Rampe auf dem Weg, ideal f\u00fcr Mountainbiker, umgeben von Gras und Unterholz.\" \/><\/a><\/div><div class=\"rl-gallery-item\"><a href=\"https:\/\/mountainbikemovement.com\/wp-content\/uploads\/2025\/02\/IMG_8470-768x1024.jpeg\" title=\"\" data-rl_title=\"\" class=\"rl-gallery-link\" data-rl_caption=\"\" data-rel=\"lightbox-gallery-1\"><img loading=\"lazy\" decoding=\"async\" src=\"https:\/\/mountainbikemovement.com\/wp-content\/uploads\/2025\/02\/IMG_8470-225x300.jpeg\" width=\"225\" height=\"300\" alt=\"In der Mitte befindet sich ein schlammiger Waldweg mit einer Pf\u00fctze und Felsen. Im Hintergrund steht eine Person mit einem Werkzeug und scheint auf dem Mountainbike-Wanderweg zwischen hohen B\u00e4umen zu arbeiten.\" \/><\/a><\/div><div class=\"rl-gallery-item\"><a href=\"https:\/\/mountainbikemovement.com\/wp-content\/uploads\/2025\/02\/IMG_2357-768x1024.jpeg\" title=\"\" data-rl_title=\"\" class=\"rl-gallery-link\" data-rl_caption=\"\" data-rel=\"lightbox-gallery-1\"><img loading=\"lazy\" decoding=\"async\" src=\"https:\/\/mountainbikemovement.com\/wp-content\/uploads\/2025\/02\/IMG_2357-225x300.jpeg\" width=\"225\" height=\"300\" alt=\"Eine verschneite Landschaft mit Kiefern, einem kleinen grauen Geb\u00e4ude, Picknicktischen und einem rot-gelben Wegweiser markiert den Beginn eines Mountainbike-Trails unter einem bew\u00f6lkten Himmel mit fernen H\u00fcgeln im Hintergrund.\" \/><\/a><\/div><div class=\"rl-gallery-item\"><a href=\"https:\/\/mountainbikemovement.com\/wp-content\/uploads\/2025\/02\/IMG_2029-768x1024.jpeg\" title=\"\" data-rl_title=\"\" class=\"rl-gallery-link\" data-rl_caption=\"\" data-rel=\"lightbox-gallery-1\"><img loading=\"lazy\" decoding=\"async\" src=\"https:\/\/mountainbikemovement.com\/wp-content\/uploads\/2025\/02\/IMG_2029-225x300.jpeg\" width=\"225\" height=\"300\" alt=\"Ein kleiner gelber Bagger gr\u00e4bt in der N\u00e4he einer schlammigen Pf\u00fctze in einem Waldgebiet, umgeben von B\u00e4umen mit gr\u00fcnen Bl\u00e4ttern und unebenem, mit Schlamm und Laub bedecktem Gel\u00e4nde entlang eines Mountainbike-Trails.\" \/><\/a><\/div><div class=\"rl-gallery-item\"><a href=\"https:\/\/mountainbikemovement.com\/wp-content\/uploads\/2025\/02\/IMG_2005-768x1024.jpeg\" title=\"\" data-rl_title=\"\" class=\"rl-gallery-link\" data-rl_caption=\"\" data-rel=\"lightbox-gallery-1\"><img loading=\"lazy\" decoding=\"async\" src=\"https:\/\/mountainbikemovement.com\/wp-content\/uploads\/2025\/02\/IMG_2005-225x300.jpeg\" width=\"225\" height=\"300\" alt=\"Auf einem bei Mountainbikern beliebten Waldweg steht ein dreieckiges Warnschild vor einer Baustelle. Im Hintergrund parkt ein kleiner Bagger, und das Gebiet ist von B\u00e4umen umgeben.\" \/><\/a><\/div><div class=\"rl-gallery-item\"><a href=\"https:\/\/mountainbikemovement.com\/wp-content\/uploads\/2025\/02\/IMG_1957-768x1024.jpeg\" title=\"\" data-rl_title=\"\" class=\"rl-gallery-link\" data-rl_caption=\"\" data-rel=\"lightbox-gallery-1\"><img loading=\"lazy\" decoding=\"async\" src=\"https:\/\/mountainbikemovement.com\/wp-content\/uploads\/2025\/02\/IMG_1957-225x300.jpeg\" width=\"225\" height=\"300\" alt=\"Eine kompakte R\u00fcttelplatte steht auf einem Feldweg in einem sonnenbeschienenen Wald. Geh\u00f6rschutzkapseln h\u00e4ngen am Griff, und hohe B\u00e4ume mit gr\u00fcnem Laub pr\u00e4gen den Hintergrund \u2013 perfekt f\u00fcr Ihr n\u00e4chstes Mountainbikemovement-Abenteuer.\" \/><\/a><\/div><div class=\"rl-gallery-item\"><a href=\"https:\/\/mountainbikemovement.com\/wp-content\/uploads\/2025\/02\/IMG_1942-768x1024.jpeg\" title=\"\" data-rl_title=\"\" class=\"rl-gallery-link\" data-rl_caption=\"\" data-rel=\"lightbox-gallery-1\"><img loading=\"lazy\" decoding=\"async\" src=\"https:\/\/mountainbikemovement.com\/wp-content\/uploads\/2025\/02\/IMG_1942-225x300.jpeg\" width=\"225\" height=\"300\" alt=\"Ein unbefestigter Waldweg f\u00fchrt unter einem Holztor aus Baumst\u00e4mmen hindurch. Sonnenlicht f\u00e4llt durch die gr\u00fcnen B\u00e4ume. Warnschilder, Informationstafeln und ein rotes Dreieck kennzeichnen den Wegeingang f\u00fcr Mountainbiker.\" \/><\/a><\/div><div class=\"rl-gallery-item\"><a href=\"https:\/\/mountainbikemovement.com\/wp-content\/uploads\/2025\/02\/IMG_1833-768x1024.jpeg\" title=\"\" data-rl_title=\"\" class=\"rl-gallery-link\" data-rl_caption=\"\" data-rel=\"lightbox-gallery-1\"><img loading=\"lazy\" decoding=\"async\" src=\"https:\/\/mountainbikemovement.com\/wp-content\/uploads\/2025\/02\/IMG_1833-225x300.jpeg\" width=\"225\" height=\"300\" alt=\"Ein schmaler Feldweg schl\u00e4ngelt sich bergauf durch einen Wald mit sp\u00e4rlichem Baumbestand \u2013 perfekt f\u00fcr Mountainbiker. Laub bedeckt den Boden, und zwischen den braunen Bl\u00e4ttern und Steinen wachsen gr\u00fcne Pflanzen und schaffen so eine ruhige, herbstliche Landschaft.\" \/><\/a><\/div><div class=\"rl-gallery-item\"><a href=\"https:\/\/mountainbikemovement.com\/wp-content\/uploads\/2025\/02\/IMG_1832-768x1024.jpeg\" title=\"\" data-rl_title=\"\" class=\"rl-gallery-link\" data-rl_caption=\"\" data-rel=\"lightbox-gallery-1\"><img loading=\"lazy\" decoding=\"async\" src=\"https:\/\/mountainbikemovement.com\/wp-content\/uploads\/2025\/02\/IMG_1832-225x300.jpeg\" width=\"225\" height=\"300\" alt=\"Ein unbefestigter und steiniger Weg schl\u00e4ngelt sich bergauf durch einen Wald, dessen B\u00e4ume im Fr\u00fchherbst ihre Bl\u00e4tter verlieren \u2013 perfekt f\u00fcr eine abenteuerliche Mountainbike-Tour. Der Boden ist mit trockenem Laub bedeckt und der Himmel ist bedeckt.\" \/><\/a><\/div><div class=\"rl-gallery-item\"><a href=\"https:\/\/mountainbikemovement.com\/wp-content\/uploads\/2025\/02\/IMG_1353-768x1024.jpeg\" title=\"\" data-rl_title=\"\" class=\"rl-gallery-link\" data-rl_caption=\"\" data-rel=\"lightbox-gallery-1\"><img loading=\"lazy\" decoding=\"async\" src=\"https:\/\/mountainbikemovement.com\/wp-content\/uploads\/2025\/02\/IMG_1353-225x300.jpeg\" width=\"225\" height=\"300\" alt=\"Ein Feldweg schl\u00e4ngelt sich scharf durch ein Waldgebiet. Dichter gr\u00fcner Efeu bedeckt einen felsigen Hang und verstreute Steine und Baumst\u00e4mme liegen entlang des Weges \u2013 perfekt f\u00fcr Abenteurer, die von der Mountainbike-Bewegung inspiriert sind.\" \/><\/a><\/div><div class=\"rl-gallery-item\"><a href=\"https:\/\/mountainbikemovement.com\/wp-content\/uploads\/2025\/02\/IMG_1032-768x1024.jpeg\" title=\"\" data-rl_title=\"\" class=\"rl-gallery-link\" data-rl_caption=\"\" data-rel=\"lightbox-gallery-1\"><img loading=\"lazy\" decoding=\"async\" src=\"https:\/\/mountainbikemovement.com\/wp-content\/uploads\/2025\/02\/IMG_1032-225x300.jpeg\" width=\"225\" height=\"300\" alt=\"Ein gelber Bagger steht auf einem schlammigen Waldweg, sein Spiegelbild ist in einer gro\u00dfen Pf\u00fctze zu sehen \u2013 ein beliebtes Gebiet f\u00fcr Mountainbike-Fans, die die umliegenden gr\u00fcnen B\u00e4ume und das Unterholz erkunden.\" \/><\/a><\/div><div class=\"rl-gallery-item\"><a href=\"https:\/\/mountainbikemovement.com\/wp-content\/uploads\/2025\/02\/IMG_1030-768x1024.jpeg\" title=\"\" data-rl_title=\"\" class=\"rl-gallery-link\" data-rl_caption=\"\" data-rel=\"lightbox-gallery-1\"><img loading=\"lazy\" decoding=\"async\" src=\"https:\/\/mountainbikemovement.com\/wp-content\/uploads\/2025\/02\/IMG_1030-225x300.jpeg\" width=\"225\" height=\"300\" alt=\"Eine unbefestigte Mountainbike-Strecke schl\u00e4ngelt sich durch einen Wald mit hohen, gr\u00fcnen B\u00e4umen. Frisch gerodete Erde markiert den Weg, und zwischen den B\u00e4umen auf der rechten Seite ist teilweise ein kleiner Bagger zu erkennen.\" \/><\/a><\/div><div class=\"rl-gallery-item\"><a href=\"https:\/\/mountainbikemovement.com\/wp-content\/uploads\/2025\/02\/IMG_1025-768x1024.jpeg\" title=\"\" data-rl_title=\"\" class=\"rl-gallery-link\" data-rl_caption=\"\" data-rel=\"lightbox-gallery-1\"><img loading=\"lazy\" decoding=\"async\" src=\"https:\/\/mountainbikemovement.com\/wp-content\/uploads\/2025\/02\/IMG_1025-225x300.jpeg\" width=\"225\" height=\"300\" alt=\"Ein schmaler Feldweg schl\u00e4ngelt sich durch dichten gr\u00fcnen Wald bergauf und f\u00fchrt zu einem kleinen gelben Bagger, der im Hintergrund teilweise zwischen den B\u00e4umen zu sehen ist \u2013 ideales Terrain f\u00fcr Mountainbike-Abenteuer.\" \/><\/a><\/div><div class=\"rl-gallery-item\"><a href=\"https:\/\/mountainbikemovement.com\/wp-content\/uploads\/2025\/02\/IMG_1020-768x1024.jpeg\" title=\"\" data-rl_title=\"\" class=\"rl-gallery-link\" data-rl_caption=\"\" data-rel=\"lightbox-gallery-1\"><img loading=\"lazy\" decoding=\"async\" src=\"https:\/\/mountainbikemovement.com\/wp-content\/uploads\/2025\/02\/IMG_1020-225x300.jpeg\" width=\"225\" height=\"300\" alt=\"Ein Feldweg schl\u00e4ngelt sich durch einen dichten, gr\u00fcnen Wald und biegt zwischen hohen B\u00e4umen und \u00fcppigem Unterholz scharf nach links ab. Der klare Boden l\u00e4sst darauf schlie\u00dfen, dass der Mountainbikemovement-Weg k\u00fcrzlich gewartet oder neu gebaut wurde.\" \/><\/a><\/div><div class=\"rl-gallery-item\"><a href=\"https:\/\/mountainbikemovement.com\/wp-content\/uploads\/2025\/02\/IMG_1015-768x1024.jpeg\" title=\"\" data-rl_title=\"\" class=\"rl-gallery-link\" data-rl_caption=\"\" data-rel=\"lightbox-gallery-1\"><img loading=\"lazy\" decoding=\"async\" src=\"https:\/\/mountainbikemovement.com\/wp-content\/uploads\/2025\/02\/IMG_1015-225x300.jpeg\" width=\"225\" height=\"300\" alt=\"Ein Feldweg schl\u00e4ngelt sich durch einen \u00fcppigen, gr\u00fcnen Wald mit hohen B\u00e4umen und dichtem Laub. Perfekt f\u00fcr Mountainbiker: Der frisch pr\u00e4parierte Weg schl\u00e4ngelt sich sanft zwischen Moos und Gras unter dem Bl\u00e4tterdach nach oben.\" \/><\/a><\/div><div class=\"rl-gallery-item\"><a href=\"https:\/\/mountainbikemovement.com\/wp-content\/uploads\/2025\/02\/IMG_1013-768x1024.jpeg\" title=\"\" data-rl_title=\"\" class=\"rl-gallery-link\" data-rl_caption=\"\" data-rel=\"lightbox-gallery-1\"><img loading=\"lazy\" decoding=\"async\" src=\"https:\/\/mountainbikemovement.com\/wp-content\/uploads\/2025\/02\/IMG_1013-225x300.jpeg\" width=\"225\" height=\"300\" alt=\"Eine Nahaufnahme zweier Wegweiser f\u00fcr den Rechnitz Trail mit nach rechts zeigenden Pfeilen, darunter einer mit der Aufschrift \u201eJump Line\u201c \u2013 perfekt f\u00fcr jeden MTB-Fan. Im Waldhintergrund ist ein unscharfer Bagger zu sehen, der auf aktive Gleisarbeiten hinweist.\" \/><\/a><\/div><div class=\"rl-gallery-item\"><a href=\"https:\/\/mountainbikemovement.com\/wp-content\/uploads\/2025\/02\/IMG_1005-768x1024.jpeg\" title=\"\" data-rl_title=\"\" class=\"rl-gallery-link\" data-rl_caption=\"\" data-rel=\"lightbox-gallery-1\"><img loading=\"lazy\" decoding=\"async\" src=\"https:\/\/mountainbikemovement.com\/wp-content\/uploads\/2025\/02\/IMG_1005-225x300.jpeg\" width=\"225\" height=\"300\" alt=\"Drei Gartenger\u00e4te \u2013 ein roter Rechen, eine rote Schaufel und eine Spitzhacke \u2013 liegen auf einem Schotterweg neben dichtem gr\u00fcnem Laub und sind bereit, in einem Waldgebiet im Freien eine Mountainbike-Strecke anzulegen.\" \/><\/a><\/div><div class=\"rl-gallery-item\"><a href=\"https:\/\/mountainbikemovement.com\/wp-content\/uploads\/2025\/02\/IMG_1003-768x1024.jpeg\" title=\"\" data-rl_title=\"\" class=\"rl-gallery-link\" data-rl_caption=\"\" data-rel=\"lightbox-gallery-1\"><img loading=\"lazy\" decoding=\"async\" src=\"https:\/\/mountainbikemovement.com\/wp-content\/uploads\/2025\/02\/IMG_1003-225x300.jpeg\" width=\"225\" height=\"300\" alt=\"Ein Feldweg schl\u00e4ngelt sich durch einen \u00fcppigen, gr\u00fcnen Wald mit hohen B\u00e4umen und dichter Vegetation auf beiden Seiten. Perfekt f\u00fcr Mountainbike-Fans: Der frisch ger\u00e4umte Weg offenbart frische Erde und neues Wachstum entlang der Strecke.\" \/><\/a><\/div><div class=\"rl-gallery-item\"><a href=\"https:\/\/mountainbikemovement.com\/wp-content\/uploads\/2025\/02\/IMG_0763-768x1024.jpeg\" title=\"\" data-rl_title=\"\" class=\"rl-gallery-link\" data-rl_caption=\"\" data-rel=\"lightbox-gallery-1\"><img loading=\"lazy\" decoding=\"async\" src=\"https:\/\/mountainbikemovement.com\/wp-content\/uploads\/2025\/02\/IMG_0763-225x300.jpeg\" width=\"225\" height=\"300\" alt=\"Ein Feldweg schl\u00e4ngelt sich bergauf durch einen sonnendurchfluteten Wald mit laubbedeckten B\u00e4umen und gr\u00fcnem Unterholz \u2013 perfekt f\u00fcr ein Mountainbike-Abenteuer. Helles Sonnenlicht wirft Schatten auf den Weg und den Boden.\" \/><\/a><\/div><div class=\"rl-gallery-item\"><a href=\"https:\/\/mountainbikemovement.com\/wp-content\/uploads\/2025\/02\/IMG_0730-768x1024.jpeg\" title=\"\" data-rl_title=\"\" class=\"rl-gallery-link\" data-rl_caption=\"\" data-rel=\"lightbox-gallery-1\"><img loading=\"lazy\" decoding=\"async\" src=\"https:\/\/mountainbikemovement.com\/wp-content\/uploads\/2025\/02\/IMG_0730-225x300.jpeg\" width=\"225\" height=\"300\" alt=\"Ein Feldweg schl\u00e4ngelt sich durch einen Wald mit laubbedecktem Boden und hohen B\u00e4umen. Links steht ein dreieckiges Warnschild, das auf Baustellen hinweist. Weiter unten arbeiten Freiwillige der Mountainbikebewegung an der Verbesserung des Mountainbike-Weges.\" \/><\/a><\/div><div class=\"rl-gallery-item\"><a href=\"https:\/\/mountainbikemovement.com\/wp-content\/uploads\/2025\/02\/IMG_0729-768x1024.jpeg\" title=\"\" data-rl_title=\"\" class=\"rl-gallery-link\" data-rl_caption=\"\" data-rel=\"lightbox-gallery-1\"><img loading=\"lazy\" decoding=\"async\" src=\"https:\/\/mountainbikemovement.com\/wp-content\/uploads\/2025\/02\/IMG_0729-225x300.jpeg\" width=\"225\" height=\"300\" alt=\"Ein dreieckiges Baustellenschild steht auf einem Feldweg im Wald und warnt Mountainbiker vor Bau- oder Wartungsarbeiten. Ein weiteres \u00e4hnliches Schild ist weiter unten auf dem Weg zwischen B\u00e4umen zu sehen.\" \/><\/a><\/div><div class=\"rl-gallery-item\"><a href=\"https:\/\/mountainbikemovement.com\/wp-content\/uploads\/2025\/02\/f20f9a73-4922-4d7b-9202-2434f2d33168-768x1024.jpg\" title=\"\" data-rl_title=\"\" class=\"rl-gallery-link\" data-rl_caption=\"\" data-rel=\"lightbox-gallery-1\"><img loading=\"lazy\" decoding=\"async\" src=\"https:\/\/mountainbikemovement.com\/wp-content\/uploads\/2025\/02\/f20f9a73-4922-4d7b-9202-2434f2d33168-225x300.jpg\" width=\"225\" height=\"300\" alt=\"Ein Feldweg schl\u00e4ngelt sich bergauf durch einen Wald mit hohen B\u00e4umen und frischem Gr\u00fcn. Sonnenlicht f\u00e4llt durch die \u00c4ste, und weiter vorne taucht ein kleines rotes Baustellenschild auf \u2013 ein Hinweis auf neue Abenteuer f\u00fcr die Mountainbike-Bewegung.\" \/><\/a><\/div><div class=\"rl-gallery-item\"><a href=\"https:\/\/mountainbikemovement.com\/wp-content\/uploads\/2025\/02\/0b88d5c9-a9c2-4e2a-9ecc-1c540eb959f3-768x1024.jpg\" title=\"\" data-rl_title=\"\" class=\"rl-gallery-link\" data-rl_caption=\"\" data-rel=\"lightbox-gallery-1\"><img loading=\"lazy\" decoding=\"async\" src=\"https:\/\/mountainbikemovement.com\/wp-content\/uploads\/2025\/02\/0b88d5c9-a9c2-4e2a-9ecc-1c540eb959f3-225x300.jpg\" width=\"225\" height=\"300\" alt=\"Eine Person bedient eine gelbe Verdichtungsmaschine auf einem schmalen Feldweg in einem Wald, wobei Sonnenlicht durch die hohen B\u00e4ume f\u00e4llt und die \u00fcppige Vegetation den Hang bedeckt \u2013 perfekt, um die Bewegung mit dem Mountainbike zu f\u00f6rdern.\" \/><\/a><\/div> <\/div> <\/div><\/span><\/p>\n<p>[\/et_pb_text][\/et_pb_column][\/et_pb_row][\/et_pb_section]<\/p>\n","protected":false},"excerpt":{"rendered":"<p>Maintenance BurgenlandAs part of our regular maintenance work in Burgenland, we use state-of-the-art machinery such as excavators, trail milling machines, and rollers\u2014complemented by plenty of manual labor. We carry out both minor and major modifications to the trails, integrating new jumps, sections, and berms to meet ever-changing demands. These efforts are supported by meticulous test [&hellip;]<\/p>\n","protected":false},"author":1,"featured_media":76488,"comment_status":"open","ping_status":"closed","template":"","meta":{"_et_pb_use_builder":"on","_et_pb_old_content":"","_et_gb_content_width":"","footnotes":""},"project_category":[54],"project_tag":[],"class_list":["post-76673","project","type-project","status-publish","has-post-thumbnail","hentry","project_category-maintenance"],"_links":{"self":[{"href":"https:\/\/mountainbikemovement.com\/en\/wp-json\/wp\/v2\/project\/76673","targetHints":{"allow":["GET"]}}],"collection":[{"href":"https:\/\/mountainbikemovement.com\/en\/wp-json\/wp\/v2\/project"}],"about":[{"href":"https:\/\/mountainbikemovement.com\/en\/wp-json\/wp\/v2\/types\/project"}],"author":[{"embeddable":true,"href":"https:\/\/mountainbikemovement.com\/en\/wp-json\/wp\/v2\/users\/1"}],"replies":[{"embeddable":true,"href":"https:\/\/mountainbikemovement.com\/en\/wp-json\/wp\/v2\/comments?post=76673"}],"version-history":[{"count":8,"href":"https:\/\/mountainbikemovement.com\/en\/wp-json\/wp\/v2\/project\/76673\/revisions"}],"predecessor-version":[{"id":76757,"href":"https:\/\/mountainbikemovement.com\/en\/wp-json\/wp\/v2\/project\/76673\/revisions\/76757"}],"wp:featuredmedia":[{"embeddable":true,"href":"https:\/\/mountainbikemovement.com\/en\/wp-json\/wp\/v2\/media\/76488"}],"wp:attachment":[{"href":"https:\/\/mountainbikemovement.com\/en\/wp-json\/wp\/v2\/media?parent=76673"}],"wp:term":[{"taxonomy":"project_category","embeddable":true,"href":"https:\/\/mountainbikemovement.com\/en\/wp-json\/wp\/v2\/project_category?post=76673"},{"taxonomy":"project_tag","embeddable":true,"href":"https:\/\/mountainbikemovement.com\/en\/wp-json\/wp\/v2\/project_tag?post=76673"}],"curies":[{"name":"wp","href":"https:\/\/api.w.org\/{rel}","templated":true}]}}