{"id":76685,"date":"2025-02-24T17:18:10","date_gmt":"2025-02-24T15:18:10","guid":{"rendered":"https:\/\/mountainbikemovement.com\/project\/burgenland-trail-building-of-the-mountain-bike-route"},"modified":"2025-04-30T10:55:07","modified_gmt":"2025-04-30T08:55:07","slug":"burgenland-trail-building-of-the-mountain-bike-route","status":"publish","type":"project","link":"https:\/\/mountainbikemovement.com\/en\/project\/burgenland-trail-building-of-the-mountain-bike-route","title":{"rendered":"Burgenland &#8211; Trail Building of the Mountain BIKE Route"},"content":{"rendered":"<p>[et_pb_section fb_built=&#8221;1&#8243; custom_padding_last_edited=&#8221;on|tablet&#8221; _builder_version=&#8221;4.17.4&#8243; _module_preset=&#8221;default&#8221; background_color=&#8221;#000000&#8243; custom_margin=&#8221;0px||0px||false|false&#8221; custom_padding=&#8221;100px||0px||false|false&#8221; custom_padding_tablet=&#8221;120px||120px||false|false&#8221; custom_padding_phone=&#8221;90px||90px||false|false&#8221; locked=&#8221;off&#8221; global_colors_info=&#8221;{}&#8221; theme_builder_area=&#8221;post_content&#8221;][et_pb_row _builder_version=&#8221;4.25.1&#8243; _module_preset=&#8221;default&#8221; width=&#8221;90%&#8221; custom_margin=&#8221;0px||0px||false|false&#8221; custom_padding=&#8221;0px||0px||false|false&#8221; global_colors_info=&#8221;{}&#8221; theme_builder_area=&#8221;post_content&#8221;][et_pb_column type=&#8221;4_4&#8243; _builder_version=&#8221;4.17.4&#8243; _module_preset=&#8221;default&#8221; global_colors_info=&#8221;{}&#8221; theme_builder_area=&#8221;post_content&#8221;][et_pb_divider color=&#8221;#E3B53F&#8221; _builder_version=&#8221;4.16&#8243; _module_preset=&#8221;default&#8221; width=&#8221;64px&#8221; width_tablet=&#8221;64px&#8221; width_phone=&#8221;63px&#8221; width_last_edited=&#8221;on|phone&#8221; module_alignment=&#8221;center&#8221; custom_margin=&#8221;0px||3px||false|false&#8221; custom_padding=&#8221;0px||0px||false|false&#8221; global_colors_info=&#8221;{}&#8221; theme_builder_area=&#8221;post_content&#8221;][\/et_pb_divider][et_pb_text _builder_version=&#8221;4.26.0&#8243; _module_preset=&#8221;default&#8221; header_2_font=&#8221;Merriweather Sans|700|||||||&#8221; header_2_text_align=&#8221;center&#8221; header_2_text_color=&#8221;#FFFFFF&#8221; header_2_font_size=&#8221;33px&#8221; custom_margin=&#8221;0px||48px||false|false&#8221; custom_padding=&#8221;0px||0px||false|false&#8221; hover_enabled=&#8221;0&#8243; header_2_font_size_tablet=&#8221;33px&#8221; header_2_font_size_phone=&#8221;30px&#8221; header_2_font_size_last_edited=&#8221;on|phone&#8221; header_2_line_height_tablet=&#8221;&#8221; header_2_line_height_phone=&#8221;1.3em&#8221; header_2_line_height_last_edited=&#8221;on|phone&#8221; global_colors_info=&#8221;{}&#8221; theme_builder_area=&#8221;post_content&#8221; sticky_enabled=&#8221;0&#8243;]<\/p>\n<h2>Burgenland &#8211; Trail Building of the Mountain BIKE Route<\/h2>\n<p>[\/et_pb_text][et_pb_text _builder_version=&#8221;4.26.0&#8243; _module_preset=&#8221;default&#8221; text_font=&#8221;||||||||&#8221; text_text_color=&#8221;#FFFFFF&#8221; text_font_size=&#8221;21px&#8221; text_line_height=&#8221;1.8em&#8221; text_orientation=&#8221;center&#8221; max_width=&#8221;1080%&#8221; module_alignment=&#8221;center&#8221; custom_margin=&#8221;0px||53px||false|false&#8221; custom_padding=&#8221;0px||0px||false|false&#8221; hover_enabled=&#8221;0&#8243; text_font_size_tablet=&#8221;21px&#8221; text_font_size_phone=&#8221;18px&#8221; text_font_size_last_edited=&#8221;on|phone&#8221; global_colors_info=&#8221;{}&#8221; theme_builder_area=&#8221;post_content&#8221; sticky_enabled=&#8221;0&#8243;]<\/p>\n<h2>Burgenland &#8211; Trail Building of the Mountain BIKE Route<\/h2>\n<p class=\"p1\">Several short sections of the Mountain Bike Route in Burgenland have been redesigned in both blue and red difficulty levels. The project included the development of both uphill and downhill trails to create a diverse riding experience. Existing wooden bridges were modified to better tackle technical challenges. A special highlight is a uniquely designed up- and downhill trail on a single line, offering ambitious riders exciting new challenges.<\/p>\n<p>[\/et_pb_text][\/et_pb_column][\/et_pb_row][\/et_pb_section][et_pb_section fb_built=&#8221;1&#8243; _builder_version=&#8221;4.17.4&#8243; _module_preset=&#8221;default&#8221; background_color=&#8221;#000000&#8243; background_image=&#8221;https:\/\/mountainbikemovement.com\/wp-content\/uploads\/2022\/12\/architect-27-6-portfolio-1568&#215;1569-3.png&#8221; background_size=&#8221;initial&#8221; background_repeat=&#8221;repeat&#8221; custom_margin=&#8221;0px||0px||false|false&#8221; custom_padding=&#8221;1px||99px||false|false&#8221; locked=&#8221;off&#8221; global_colors_info=&#8221;{}&#8221; theme_builder_area=&#8221;post_content&#8221;][et_pb_row _builder_version=&#8221;4.25.1&#8243; _module_preset=&#8221;default&#8221; width=&#8221;90%&#8221; max_width=&#8221;1300px&#8221; custom_margin=&#8221;50px|auto|50px|auto|true|false&#8221; custom_padding=&#8221;0px||0px||false|false&#8221; global_colors_info=&#8221;{}&#8221; theme_builder_area=&#8221;post_content&#8221;][et_pb_column type=&#8221;4_4&#8243; _builder_version=&#8221;4.17.4&#8243; _module_preset=&#8221;default&#8221; global_colors_info=&#8221;{}&#8221; theme_builder_area=&#8221;post_content&#8221;][et_pb_text _builder_version=&#8221;4.26.0&#8243; _module_preset=&#8221;default&#8221; text_font=&#8221;||||||||&#8221; text_text_color=&#8221;#E3B53F&#8221; text_font_size=&#8221;15px&#8221; custom_margin=&#8221;0px||18px||false|false&#8221; custom_padding=&#8221;0px|0px|0px|97px|false|false&#8221; hover_enabled=&#8221;0&#8243; custom_css_before=&#8221;content: %22%22;||    position: relative;||    display: inline-block;||    width: 70px;||    height: 1px;||    background-color: #e3b53f;||\t\ttop:19px;||\t\tleft:-95px;||&#8221; border_color_all=&#8221;#E3B53F&#8221; global_colors_info=&#8221;{}&#8221; text_text_color__hover_enabled=&#8221;off|desktop&#8221; text_text_color__hover=&#8221;#d7926b&#8221; theme_builder_area=&#8221;post_content&#8221; sticky_enabled=&#8221;0&#8243;]<\/p>\n<p class=\"p1\"><b>Trail Building<\/b><\/p>\n<p>[\/et_pb_text][\/et_pb_column][\/et_pb_row][et_pb_row _builder_version=&#8221;4.25.1&#8243; _module_preset=&#8221;default&#8221; max_width=&#8221;1280px&#8221; global_colors_info=&#8221;{}&#8221; theme_builder_area=&#8221;post_content&#8221;][et_pb_column type=&#8221;4_4&#8243; _builder_version=&#8221;4.16&#8243; _module_preset=&#8221;default&#8221; global_colors_info=&#8221;{}&#8221; theme_builder_area=&#8221;post_content&#8221;][et_pb_text _builder_version=&#8221;4.26.0&#8243; _module_preset=&#8221;default&#8221; text_orientation=&#8221;center&#8221; hover_enabled=&#8221;0&#8243; global_colors_info=&#8221;{}&#8221; theme_builder_area=&#8221;post_content&#8221; sticky_enabled=&#8221;0&#8243;]<\/p>\n<p><span><div class=\"rl-gallery-container rl-loading\" id=\"rl-gallery-container-1\" data-gallery_id=\"76216\"> <div class=\"rl-gallery rl-basicgrid-gallery \" id=\"rl-gallery-1\" data-gallery_no=\"1\"> <div class=\"rl-gallery-item\"><a href=\"https:\/\/mountainbikemovement.com\/wp-content\/uploads\/2025\/02\/mountainbikemovement_mtbtrail_burgenland_IMG_0675-768x1024.jpeg\" title=\"\" data-rl_title=\"\" class=\"rl-gallery-link\" data-rl_caption=\"\" data-rel=\"lightbox-gallery-1\"><img loading=\"lazy\" decoding=\"async\" src=\"https:\/\/mountainbikemovement.com\/wp-content\/uploads\/2025\/02\/mountainbikemovement_mtbtrail_burgenland_IMG_0675-225x300.jpeg\" width=\"225\" height=\"300\" alt=\"Eine Nahaufnahme eines Cormidi-Ketten-Minikippers mit Anbauger\u00e4ten auf einem Mountainbike-Trail, umgeben von blattlosen B\u00e4umen unter einem klaren blauen Himmel.\" \/><\/a><\/div><div class=\"rl-gallery-item\"><a href=\"https:\/\/mountainbikemovement.com\/wp-content\/uploads\/2025\/02\/mountainbikemovement_mtbtrail_burgenland_IMG_0656-768x1024.jpeg\" title=\"\" data-rl_title=\"\" class=\"rl-gallery-link\" data-rl_caption=\"\" data-rel=\"lightbox-gallery-1\"><img loading=\"lazy\" decoding=\"async\" src=\"https:\/\/mountainbikemovement.com\/wp-content\/uploads\/2025\/02\/mountainbikemovement_mtbtrail_burgenland_IMG_0656-225x300.jpeg\" width=\"225\" height=\"300\" alt=\"Ein verschwommenes Bild eines Feldwegs, der in einem Wald ger\u00e4umt wird, mit einer Nahaufnahme von Baumaschinen mit einem Wolfslogo und Sicherheitswarnsymbolen \u2013 perfekt f\u00fcr das n\u00e4chste Mountainbike-Abenteuer.\" \/><\/a><\/div><div class=\"rl-gallery-item\"><a href=\"https:\/\/mountainbikemovement.com\/wp-content\/uploads\/2025\/02\/mountainbikemovement_mtbtrail_burgenland_IMG_0612-768x1024.jpeg\" title=\"\" data-rl_title=\"\" class=\"rl-gallery-link\" data-rl_caption=\"\" data-rel=\"lightbox-gallery-1\"><img loading=\"lazy\" decoding=\"async\" src=\"https:\/\/mountainbikemovement.com\/wp-content\/uploads\/2025\/02\/mountainbikemovement_mtbtrail_burgenland_IMG_0612-225x300.jpeg\" width=\"225\" height=\"300\" alt=\"Zwei Personen rollen gemeinsam eine gro\u00dfe Matte entlang einer h\u00f6lzernen Mountainbike-Strecke in einem Waldgebiet aus. Eine Person steht nah an der Kamera, die andere in einiger Entfernung. Beide konzentrieren sich auf die Aufgabe.\" \/><\/a><\/div><div class=\"rl-gallery-item\"><a href=\"https:\/\/mountainbikemovement.com\/wp-content\/uploads\/2025\/02\/mountainbikemovement_mtbtrail_burgenland_IMG_0611-768x1024.jpeg\" title=\"\" data-rl_title=\"\" class=\"rl-gallery-link\" data-rl_caption=\"\" data-rel=\"lightbox-gallery-1\"><img loading=\"lazy\" decoding=\"async\" src=\"https:\/\/mountainbikemovement.com\/wp-content\/uploads\/2025\/02\/mountainbikemovement_mtbtrail_burgenland_IMG_0611-225x300.jpeg\" width=\"225\" height=\"300\" alt=\"Eine Person mit M\u00fctze und Brille tackert Drahtgeflecht auf eine Mountainbike-Strecke entlang eines Holzwegs in einem Waldgebiet. Auf dem Boden liegen verstreute Bl\u00e4tter, im Hintergrund sind B\u00e4ume zu sehen.\" \/><\/a><\/div><div class=\"rl-gallery-item\"><a href=\"https:\/\/mountainbikemovement.com\/wp-content\/uploads\/2025\/02\/mountainbikemovement_mtbtrail_burgenland_e41ada71-06ec-425f-a620-0331275e3d99-768x1024.jpg\" title=\"\" data-rl_title=\"\" class=\"rl-gallery-link\" data-rl_caption=\"\" data-rel=\"lightbox-gallery-1\"><img loading=\"lazy\" decoding=\"async\" src=\"https:\/\/mountainbikemovement.com\/wp-content\/uploads\/2025\/02\/mountainbikemovement_mtbtrail_burgenland_e41ada71-06ec-425f-a620-0331275e3d99-225x300.jpg\" width=\"225\" height=\"300\" alt=\"Eine Person in einer orangefarbenen Jacke hockt an einem Feldweg im Wald und legt Steine f\u00fcr den Bau einer Mountainbike-Strecke auf. Eine Schubkarre voller Steine, eine Schaufel und eine blaue Tasche stehen in der N\u00e4he. B\u00e4ume und moosbedeckte Felsen umgeben die Szene.\" \/><\/a><\/div><div class=\"rl-gallery-item\"><a href=\"https:\/\/mountainbikemovement.com\/wp-content\/uploads\/2025\/02\/mountainbikemovement_mtbtrail_burgenland_cdf791e7-c5f8-4491-bc59-678cc8e80f4b-768x1024.jpg\" title=\"\" data-rl_title=\"\" class=\"rl-gallery-link\" data-rl_caption=\"\" data-rel=\"lightbox-gallery-1\"><img loading=\"lazy\" decoding=\"async\" src=\"https:\/\/mountainbikemovement.com\/wp-content\/uploads\/2025\/02\/mountainbikemovement_mtbtrail_burgenland_cdf791e7-c5f8-4491-bc59-678cc8e80f4b-225x300.jpg\" width=\"225\" height=\"300\" alt=\"Ein gewundener Feldweg schl\u00e4ngelt sich durch einen Wald mit hohen B\u00e4umen und verstreutem Laub \u2013 perfekt f\u00fcr jeden Mountainbike-Enthusiasten. Die kahlen B\u00e4ume lassen auf Sp\u00e4therbst oder Winter schlie\u00dfen und machen die Strecke zu einer idealen Strecke f\u00fcr Mountainbiker.\" \/><\/a><\/div><div class=\"rl-gallery-item\"><a href=\"https:\/\/mountainbikemovement.com\/wp-content\/uploads\/2025\/02\/mountainbikemovement_mtbtrail_burgenland_b4244cab-0c64-464e-81e0-775bd1b5cbb1-768x1024.jpg\" title=\"\" data-rl_title=\"\" class=\"rl-gallery-link\" data-rl_caption=\"\" data-rel=\"lightbox-gallery-1\"><img loading=\"lazy\" decoding=\"async\" src=\"https:\/\/mountainbikemovement.com\/wp-content\/uploads\/2025\/02\/mountainbikemovement_mtbtrail_burgenland_b4244cab-0c64-464e-81e0-775bd1b5cbb1-225x300.jpg\" width=\"225\" height=\"300\" alt=\"Ein schmaler Feldweg schl\u00e4ngelt sich durch einen laubbedeckten Wald mit kahlen B\u00e4umen und bew\u00f6lktem Himmel und schafft im fr\u00fchen Fr\u00fchling oder sp\u00e4ten Herbst eine friedliche, nat\u00fcrliche Umgebung \u2013 perfekt f\u00fcr eine ruhige Mountainbike-Tour.\" \/><\/a><\/div><div class=\"rl-gallery-item\"><a href=\"https:\/\/mountainbikemovement.com\/wp-content\/uploads\/2025\/02\/mountainbikemovement_mtbtrail_burgenland_4549225c-4301-4ee9-9e02-21594e161b35-768x1024.jpg\" title=\"\" data-rl_title=\"\" class=\"rl-gallery-link\" data-rl_caption=\"\" data-rel=\"lightbox-gallery-1\"><img loading=\"lazy\" decoding=\"async\" src=\"https:\/\/mountainbikemovement.com\/wp-content\/uploads\/2025\/02\/mountainbikemovement_mtbtrail_burgenland_4549225c-4301-4ee9-9e02-21594e161b35-225x300.jpg\" width=\"225\" height=\"300\" alt=\"Ein schmaler, schlammiger Pfad schl\u00e4ngelt sich an einem bew\u00f6lkten Tag durch einen Wald mit kahlen B\u00e4umen und braunem Unterholz. Trockenes Laub bedeckt den Boden, und die Landschaft wirkt still und winterlich \u2013 perfekt f\u00fcr ein Mountainbike-Abenteuer au\u00dferhalb der Saison.\" \/><\/a><\/div><div class=\"rl-gallery-item\"><a href=\"https:\/\/mountainbikemovement.com\/wp-content\/uploads\/2025\/02\/mountainbikemovement_mtbtrail_burgenland_50207c61-b365-4d98-85fe-41fc03168f35-768x1024.jpg\" title=\"\" data-rl_title=\"\" class=\"rl-gallery-link\" data-rl_caption=\"\" data-rel=\"lightbox-gallery-1\"><img loading=\"lazy\" decoding=\"async\" src=\"https:\/\/mountainbikemovement.com\/wp-content\/uploads\/2025\/02\/mountainbikemovement_mtbtrail_burgenland_50207c61-b365-4d98-85fe-41fc03168f35-225x300.jpg\" width=\"225\" height=\"300\" alt=\"An einem bew\u00f6lkten Tag schl\u00e4ngelt sich ein schlammiger Mountainbike-Track durch einen laubbedeckten Wald mit kahlen B\u00e4umen. Der Boden ist feucht, und auf einigen Baumst\u00e4mmen befinden sich Flecken von gr\u00fcnem Moos.\" \/><\/a><\/div><div class=\"rl-gallery-item\"><a href=\"https:\/\/mountainbikemovement.com\/wp-content\/uploads\/2025\/02\/mountainbikemovement_mtbtrail_burgenland_2530ea4f-f5bf-4780-8f7f-7dcd582a2602-768x1024.jpg\" title=\"\" data-rl_title=\"\" class=\"rl-gallery-link\" data-rl_caption=\"\" data-rel=\"lightbox-gallery-1\"><img loading=\"lazy\" decoding=\"async\" src=\"https:\/\/mountainbikemovement.com\/wp-content\/uploads\/2025\/02\/mountainbikemovement_mtbtrail_burgenland_2530ea4f-f5bf-4780-8f7f-7dcd582a2602-225x300.jpg\" width=\"225\" height=\"300\" alt=\"Hohe Kiefern ragen \u00fcber einen schneebedeckten Wald, durch den sich an einem bew\u00f6lkten Wintertag ein gewundener Pfad schl\u00e4ngelt.\" \/><\/a><\/div><div class=\"rl-gallery-item\"><a href=\"https:\/\/mountainbikemovement.com\/wp-content\/uploads\/2025\/02\/mountainbikemovement_mtbtrail_burgenland_263e19f6-58a6-47cb-b6b9-4fefbeb6bef8-768x1024.jpg\" title=\"\" data-rl_title=\"\" class=\"rl-gallery-link\" data-rl_caption=\"\" data-rel=\"lightbox-gallery-1\"><img loading=\"lazy\" decoding=\"async\" src=\"https:\/\/mountainbikemovement.com\/wp-content\/uploads\/2025\/02\/mountainbikemovement_mtbtrail_burgenland_263e19f6-58a6-47cb-b6b9-4fefbeb6bef8-225x300.jpg\" width=\"225\" height=\"300\" alt=\"Ein Feldweg schl\u00e4ngelt sich durch einen Wald mit hohen, blattlosen B\u00e4umen an einem Hang \u2013 perfekt f\u00fcr eine abenteuerliche Mountainbike-Tour. Der Boden ist mit trockenem Laub und nackten Erdflecken bedeckt, der Himmel ist bedeckt.\" \/><\/a><\/div><div class=\"rl-gallery-item\"><a href=\"https:\/\/mountainbikemovement.com\/wp-content\/uploads\/2025\/02\/mountainbikemovement_mtbtrail_burgenland_91e5638a-ecf7-4f01-ab83-b3f5640c360a-768x1024.jpg\" title=\"\" data-rl_title=\"\" class=\"rl-gallery-link\" data-rl_caption=\"\" data-rel=\"lightbox-gallery-1\"><img loading=\"lazy\" decoding=\"async\" src=\"https:\/\/mountainbikemovement.com\/wp-content\/uploads\/2025\/02\/mountainbikemovement_mtbtrail_burgenland_91e5638a-ecf7-4f01-ab83-b3f5640c360a-225x300.jpg\" width=\"225\" height=\"300\" alt=\"Ein Feldweg schl\u00e4ngelt sich durch einen laubbedeckten Wald mit hohen, kahlen B\u00e4umen unter einem bew\u00f6lkten Himmel, der an Sp\u00e4therbst oder fr\u00fchen Winter erinnert \u2013 eine friedliche Umgebung, die zum stillen Nachdenken oder zu Mountainbike-Abenteuern einl\u00e4dt.\" \/><\/a><\/div><div class=\"rl-gallery-item\"><a href=\"https:\/\/mountainbikemovement.com\/wp-content\/uploads\/2025\/02\/mountainbikemovement_mtbtrail_burgenland_0051f535-5828-496c-9ecc-5b33b24861f2-768x1024.jpg\" title=\"\" data-rl_title=\"\" class=\"rl-gallery-link\" data-rl_caption=\"\" data-rel=\"lightbox-gallery-1\"><img loading=\"lazy\" decoding=\"async\" src=\"https:\/\/mountainbikemovement.com\/wp-content\/uploads\/2025\/02\/mountainbikemovement_mtbtrail_burgenland_0051f535-5828-496c-9ecc-5b33b24861f2-225x300.jpg\" width=\"225\" height=\"300\" alt=\"An einem bew\u00f6lkten Tag schl\u00e4ngelt sich ein Feldweg durch einen Wald mit kahlen B\u00e4umen. Rechts vom Weg steht ein kleiner Bagger, umgeben von Laub \u2013 ein Hinweis auf die j\u00fcngste Mountainbike-Bewegung in der Gegend.\" \/><\/a><\/div><div class=\"rl-gallery-item\"><a href=\"https:\/\/mountainbikemovement.com\/wp-content\/uploads\/2025\/02\/mountainbikemovement_mtbtrail_burgenland_46c491af-fae8-4ed7-876a-75a37470658a-768x1024.jpg\" title=\"\" data-rl_title=\"\" class=\"rl-gallery-link\" data-rl_caption=\"\" data-rel=\"lightbox-gallery-1\"><img loading=\"lazy\" decoding=\"async\" src=\"https:\/\/mountainbikemovement.com\/wp-content\/uploads\/2025\/02\/mountainbikemovement_mtbtrail_burgenland_46c491af-fae8-4ed7-876a-75a37470658a-225x300.jpg\" width=\"225\" height=\"300\" alt=\"Eine Person in orangefarbener Jacke und Handschuhen repariert eine Steinmauer im Freien entlang einer Mountainbike-Strecke und platziert dabei sorgf\u00e4ltig Steine. Im Hintergrund sind Gartenger\u00e4te und Gr\u00fcnpflanzen zu sehen, die den Geist der Mountainbike-Bewegung verk\u00f6rpern.\" \/><\/a><\/div><div class=\"rl-gallery-item\"><a href=\"https:\/\/mountainbikemovement.com\/wp-content\/uploads\/2025\/02\/mountainbikemovement_mtbtrail_burgenland_660be087-4d65-4627-9c27-1dee6499ed3b-576x1024.jpg\" title=\"\" data-rl_title=\"\" class=\"rl-gallery-link\" data-rl_caption=\"\" data-rel=\"lightbox-gallery-1\"><img loading=\"lazy\" decoding=\"async\" src=\"https:\/\/mountainbikemovement.com\/wp-content\/uploads\/2025\/02\/mountainbikemovement_mtbtrail_burgenland_660be087-4d65-4627-9c27-1dee6499ed3b-169x300.jpg\" width=\"169\" height=\"300\" alt=\"Ein Feldweg schl\u00e4ngelt sich unter einem klaren blauen Himmel durch einen Wald mit hohen immergr\u00fcnen B\u00e4umen und sp\u00e4rlichem Unterholz und l\u00e4dt Mountainbiker zum Erkunden ein.\" \/><\/a><\/div><div class=\"rl-gallery-item\"><a href=\"https:\/\/mountainbikemovement.com\/wp-content\/uploads\/2025\/02\/mountainbikemovement_mtbtrail_burgenland_5956ac56-cfdb-4d5b-975d-f9d23eedb3d9-576x1024.jpg\" title=\"\" data-rl_title=\"\" class=\"rl-gallery-link\" data-rl_caption=\"\" data-rel=\"lightbox-gallery-1\"><img loading=\"lazy\" decoding=\"async\" src=\"https:\/\/mountainbikemovement.com\/wp-content\/uploads\/2025\/02\/mountainbikemovement_mtbtrail_burgenland_5956ac56-cfdb-4d5b-975d-f9d23eedb3d9-169x300.jpg\" width=\"169\" height=\"300\" alt=\"Eine gelbe R\u00fcttelplatte steht auf einem frisch gerodeten Mountainbike-Trail in einem kahlen Wald. B\u00e4ume und brauner Boden umgeben die Szene. In der Ferne sind zwischen den B\u00e4umen eine Person und ihre Ausr\u00fcstung zu sehen.\" \/><\/a><\/div><div class=\"rl-gallery-item\"><a href=\"https:\/\/mountainbikemovement.com\/wp-content\/uploads\/2025\/02\/mountainbikemovement_mtbtrail_burgenland_a93bfefc-8fc1-459e-b78c-ff132cf16131-576x1024.jpg\" title=\"\" data-rl_title=\"\" class=\"rl-gallery-link\" data-rl_caption=\"\" data-rel=\"lightbox-gallery-1\"><img loading=\"lazy\" decoding=\"async\" src=\"https:\/\/mountainbikemovement.com\/wp-content\/uploads\/2025\/02\/mountainbikemovement_mtbtrail_burgenland_a93bfefc-8fc1-459e-b78c-ff132cf16131-169x300.jpg\" width=\"169\" height=\"300\" alt=\"Ein kleiner Bagger r\u00e4umt einen unbefestigten Mountainbike-Trail durch einen Wald mit hohen B\u00e4umen und Laub am Boden frei. Der Weg schl\u00e4ngelt sich nach vorne und ist perfekt f\u00fcr Mountainbiker in dieser malerischen Waldlandschaft.\" \/><\/a><\/div><div class=\"rl-gallery-item\"><a href=\"https:\/\/mountainbikemovement.com\/wp-content\/uploads\/2025\/02\/mountainbikemovement_mtbtrail_burgenland_c3f37190-6029-4e11-9e01-28998167dfdf-576x1024.jpg\" title=\"\" data-rl_title=\"\" class=\"rl-gallery-link\" data-rl_caption=\"\" data-rel=\"lightbox-gallery-1\"><img loading=\"lazy\" decoding=\"async\" src=\"https:\/\/mountainbikemovement.com\/wp-content\/uploads\/2025\/02\/mountainbikemovement_mtbtrail_burgenland_c3f37190-6029-4e11-9e01-28998167dfdf-169x300.jpg\" width=\"169\" height=\"300\" alt=\"Ein gewundener Feldweg f\u00fchrt durch einen Wald mit hohen B\u00e4umen und sp\u00e4rlichem Unterholz. Sonnenlicht f\u00e4llt durch die \u00c4ste, Bl\u00e4tter liegen verstreut auf dem Boden \u2013 in der Ferne ist zwischen den B\u00e4umen ein rotes Mountainbike zu erkennen.\" \/><\/a><\/div><div class=\"rl-gallery-item\"><a href=\"https:\/\/mountainbikemovement.com\/wp-content\/uploads\/2025\/02\/mountainbikemovement_mtbtrail_burgenland_24cad0b0-b4ff-4e6f-a110-9f3b2fd33f0c-1024x768.jpg\" title=\"\" data-rl_title=\"\" class=\"rl-gallery-link\" data-rl_caption=\"\" data-rel=\"lightbox-gallery-1\"><img loading=\"lazy\" decoding=\"async\" src=\"https:\/\/mountainbikemovement.com\/wp-content\/uploads\/2025\/02\/mountainbikemovement_mtbtrail_burgenland_24cad0b0-b4ff-4e6f-a110-9f3b2fd33f0c-300x225.jpg\" width=\"300\" height=\"225\" alt=\"Ein unbefestigter Mountainbike-Trail mit einer scharfen, steilen Kurve schl\u00e4ngelt sich durch einen laubbedeckten Wald an einem Hang. An einem bew\u00f6lkten Tag pr\u00e4gen kahle B\u00e4ume und verstreute Bl\u00e4tter die Szenerie.\" \/><\/a><\/div><div class=\"rl-gallery-item\"><a href=\"https:\/\/mountainbikemovement.com\/wp-content\/uploads\/2025\/02\/mountainbikemovement_mtbtrail_burgenland_08ce4d1b-2334-4eb3-9d07-0c5ac24b1933-1024x768.jpg\" title=\"\" data-rl_title=\"\" class=\"rl-gallery-link\" data-rl_caption=\"\" data-rel=\"lightbox-gallery-1\"><img loading=\"lazy\" decoding=\"async\" src=\"https:\/\/mountainbikemovement.com\/wp-content\/uploads\/2025\/02\/mountainbikemovement_mtbtrail_burgenland_08ce4d1b-2334-4eb3-9d07-0c5ac24b1933-300x225.jpg\" width=\"300\" height=\"225\" alt=\"Eine Person in einer leuchtend roten Jacke hockt auf einer moosbewachsenen Steinmauer neben einer Mountainbike-Strecke in einem Wald mit kahlen B\u00e4umen und abgefallenem Laub. Der Himmel ist bedeckt, was der k\u00fchlen, winterlichen Szenerie eine abenteuerliche Mountainbike-Atmosph\u00e4re verleiht.\" \/><\/a><\/div><div class=\"rl-gallery-item\"><a href=\"https:\/\/mountainbikemovement.com\/wp-content\/uploads\/2025\/02\/mountainbikemovement_mtbtrail_burgenland_bbf945f5-49f2-4591-9461-bf09db183667-1024x768.jpg\" title=\"\" data-rl_title=\"\" class=\"rl-gallery-link\" data-rl_caption=\"\" data-rel=\"lightbox-gallery-1\"><img loading=\"lazy\" decoding=\"async\" src=\"https:\/\/mountainbikemovement.com\/wp-content\/uploads\/2025\/02\/mountainbikemovement_mtbtrail_burgenland_bbf945f5-49f2-4591-9461-bf09db183667-300x225.jpg\" width=\"300\" height=\"225\" alt=\"Ein unbefestigter Mountainbike-Track schl\u00e4ngelt sich durch einen Wald mit hohen, d\u00fcnnen B\u00e4umen und gr\u00fcnem Efeu, der den Boden bedeckt. Der Weg weist scharfe Kurven auf und bildet enge Serpentinen durch das Waldgel\u00e4nde.\" \/><\/a><\/div> <\/div> <\/div><\/span><\/p>\n<p>[\/et_pb_text][\/et_pb_column][\/et_pb_row][\/et_pb_section]<\/p>\n","protected":false},"excerpt":{"rendered":"<p>Burgenland &#8211; Trail Building of the Mountain BIKE RouteBurgenland &#8211; Trail Building of the Mountain BIKE Route Several short sections of the Mountain Bike Route in Burgenland have been redesigned in both blue and red difficulty levels. The project included the development of both uphill and downhill trails to create a diverse riding experience. Existing [&hellip;]<\/p>\n","protected":false},"author":1,"featured_media":76149,"comment_status":"open","ping_status":"closed","template":"","meta":{"_et_pb_use_builder":"on","_et_pb_old_content":"","_et_gb_content_width":"","footnotes":""},"project_category":[46],"project_tag":[],"class_list":["post-76685","project","type-project","status-publish","has-post-thumbnail","hentry","project_category-trail-en"],"_links":{"self":[{"href":"https:\/\/mountainbikemovement.com\/en\/wp-json\/wp\/v2\/project\/76685","targetHints":{"allow":["GET"]}}],"collection":[{"href":"https:\/\/mountainbikemovement.com\/en\/wp-json\/wp\/v2\/project"}],"about":[{"href":"https:\/\/mountainbikemovement.com\/en\/wp-json\/wp\/v2\/types\/project"}],"author":[{"embeddable":true,"href":"https:\/\/mountainbikemovement.com\/en\/wp-json\/wp\/v2\/users\/1"}],"replies":[{"embeddable":true,"href":"https:\/\/mountainbikemovement.com\/en\/wp-json\/wp\/v2\/comments?post=76685"}],"version-history":[{"count":8,"href":"https:\/\/mountainbikemovement.com\/en\/wp-json\/wp\/v2\/project\/76685\/revisions"}],"predecessor-version":[{"id":76937,"href":"https:\/\/mountainbikemovement.com\/en\/wp-json\/wp\/v2\/project\/76685\/revisions\/76937"}],"wp:featuredmedia":[{"embeddable":true,"href":"https:\/\/mountainbikemovement.com\/en\/wp-json\/wp\/v2\/media\/76149"}],"wp:attachment":[{"href":"https:\/\/mountainbikemovement.com\/en\/wp-json\/wp\/v2\/media?parent=76685"}],"wp:term":[{"taxonomy":"project_category","embeddable":true,"href":"https:\/\/mountainbikemovement.com\/en\/wp-json\/wp\/v2\/project_category?post=76685"},{"taxonomy":"project_tag","embeddable":true,"href":"https:\/\/mountainbikemovement.com\/en\/wp-json\/wp\/v2\/project_tag?post=76685"}],"curies":[{"name":"wp","href":"https:\/\/api.w.org\/{rel}","templated":true}]}}