{"id":76691,"date":"2025-02-24T16:45:48","date_gmt":"2025-02-24T14:45:48","guid":{"rendered":"https:\/\/mountainbikemovement.com\/project\/lakebike-ossiacher-lake"},"modified":"2025-02-25T19:50:11","modified_gmt":"2025-02-25T17:50:11","slug":"lakebike-ossiacher-lake","status":"publish","type":"project","link":"https:\/\/mountainbikemovement.com\/en\/project\/lakebike-ossiacher-lake","title":{"rendered":"Lakebike Ossiacher Lake"},"content":{"rendered":"<p>[et_pb_section fb_built=&#8221;1&#8243; custom_padding_last_edited=&#8221;on|tablet&#8221; _builder_version=&#8221;4.17.4&#8243; _module_preset=&#8221;default&#8221; background_color=&#8221;#000000&#8243; custom_margin=&#8221;0px||0px||false|false&#8221; custom_padding=&#8221;100px||0px||false|false&#8221; custom_padding_tablet=&#8221;120px||120px||false|false&#8221; custom_padding_phone=&#8221;90px||90px||false|false&#8221; locked=&#8221;off&#8221; global_colors_info=&#8221;{}&#8221; theme_builder_area=&#8221;post_content&#8221;][et_pb_row _builder_version=&#8221;4.25.1&#8243; _module_preset=&#8221;default&#8221; width=&#8221;90%&#8221; custom_margin=&#8221;0px||0px||false|false&#8221; custom_padding=&#8221;0px||0px||false|false&#8221; global_colors_info=&#8221;{}&#8221; theme_builder_area=&#8221;post_content&#8221;][et_pb_column type=&#8221;4_4&#8243; _builder_version=&#8221;4.17.4&#8243; _module_preset=&#8221;default&#8221; global_colors_info=&#8221;{}&#8221; theme_builder_area=&#8221;post_content&#8221;][et_pb_divider color=&#8221;#E3B53F&#8221; _builder_version=&#8221;4.16&#8243; _module_preset=&#8221;default&#8221; width=&#8221;64px&#8221; width_tablet=&#8221;64px&#8221; width_phone=&#8221;63px&#8221; width_last_edited=&#8221;on|phone&#8221; module_alignment=&#8221;center&#8221; custom_margin=&#8221;0px||3px||false|false&#8221; custom_padding=&#8221;0px||0px||false|false&#8221; global_colors_info=&#8221;{}&#8221; theme_builder_area=&#8221;post_content&#8221;][\/et_pb_divider][et_pb_text _builder_version=&#8221;4.26.0&#8243; _module_preset=&#8221;default&#8221; header_2_font=&#8221;Merriweather Sans|700|||||||&#8221; header_2_text_align=&#8221;center&#8221; header_2_text_color=&#8221;#FFFFFF&#8221; header_2_font_size=&#8221;33px&#8221; custom_margin=&#8221;0px||48px||false|false&#8221; custom_padding=&#8221;0px||0px||false|false&#8221; hover_enabled=&#8221;0&#8243; header_2_font_size_tablet=&#8221;33px&#8221; header_2_font_size_phone=&#8221;30px&#8221; header_2_font_size_last_edited=&#8221;on|phone&#8221; header_2_line_height_tablet=&#8221;&#8221; header_2_line_height_phone=&#8221;1.3em&#8221; header_2_line_height_last_edited=&#8221;on|phone&#8221; global_colors_info=&#8221;{}&#8221; theme_builder_area=&#8221;post_content&#8221; sticky_enabled=&#8221;0&#8243;]<\/p>\n<h2>Lakebike Trail Milling Machine<\/h2>\n<p>[\/et_pb_text][et_pb_text _builder_version=&#8221;4.26.0&#8243; _module_preset=&#8221;default&#8221; text_font=&#8221;||||||||&#8221; text_text_color=&#8221;#FFFFFF&#8221; text_font_size=&#8221;21px&#8221; text_line_height=&#8221;1.8em&#8221; text_orientation=&#8221;center&#8221; max_width=&#8221;1080%&#8221; module_alignment=&#8221;center&#8221; custom_margin=&#8221;0px||53px||false|false&#8221; custom_padding=&#8221;0px||0px||false|false&#8221; hover_enabled=&#8221;0&#8243; text_font_size_tablet=&#8221;21px&#8221; text_font_size_phone=&#8221;18px&#8221; text_font_size_last_edited=&#8221;on|phone&#8221; global_colors_info=&#8221;{}&#8221; theme_builder_area=&#8221;post_content&#8221; sticky_enabled=&#8221;0&#8243;]<\/p>\n<p class=\"p1\">On the trail at Baumgartner H\u00f6he and Lake Ossiach, our unique narrow trail milling machine and small excavators come into play. We precisely shape the terrain: breaking rocks, refining jumps, and compacting the trail\u2014ensuring a technically optimized riding experience.<\/p>\n<p>[\/et_pb_text][\/et_pb_column][\/et_pb_row][\/et_pb_section][et_pb_section fb_built=&#8221;1&#8243; _builder_version=&#8221;4.17.4&#8243; _module_preset=&#8221;default&#8221; background_color=&#8221;#000000&#8243; background_image=&#8221;https:\/\/mountainbikemovement.com\/wp-content\/uploads\/2022\/12\/architect-27-6-portfolio-1568&#215;1569-3.png&#8221; background_size=&#8221;initial&#8221; background_repeat=&#8221;repeat&#8221; custom_margin=&#8221;0px||0px||false|false&#8221; custom_padding=&#8221;1px||99px||false|false&#8221; locked=&#8221;off&#8221; global_colors_info=&#8221;{}&#8221; theme_builder_area=&#8221;post_content&#8221;][et_pb_row _builder_version=&#8221;4.25.1&#8243; _module_preset=&#8221;default&#8221; width=&#8221;90%&#8221; max_width=&#8221;1300px&#8221; custom_margin=&#8221;50px|auto|50px|auto|true|false&#8221; custom_padding=&#8221;0px||0px||false|false&#8221; global_colors_info=&#8221;{}&#8221; theme_builder_area=&#8221;post_content&#8221;][et_pb_column type=&#8221;4_4&#8243; _builder_version=&#8221;4.17.4&#8243; _module_preset=&#8221;default&#8221; global_colors_info=&#8221;{}&#8221; theme_builder_area=&#8221;post_content&#8221;][et_pb_text _builder_version=&#8221;4.26.0&#8243; _module_preset=&#8221;default&#8221; text_font=&#8221;||||||||&#8221; text_text_color=&#8221;#E3B53F&#8221; text_font_size=&#8221;15px&#8221; custom_margin=&#8221;0px||18px||false|false&#8221; custom_padding=&#8221;0px|0px|0px|97px|false|false&#8221; hover_enabled=&#8221;0&#8243; custom_css_before=&#8221;content: %22%22;||    position: relative;||    display: inline-block;||    width: 70px;||    height: 1px;||    background-color: #e3b53f;||\t\ttop:19px;||\t\tleft:-95px;||&#8221; border_color_all=&#8221;#E3B53F&#8221; global_colors_info=&#8221;{}&#8221; text_text_color__hover_enabled=&#8221;off|desktop&#8221; text_text_color__hover=&#8221;#d7926b&#8221; theme_builder_area=&#8221;post_content&#8221; sticky_enabled=&#8221;0&#8243;]<\/p>\n<p class=\"p1\"><b>Narrow-Gauge Trail Milling Machine<\/b><\/p>\n<p>[\/et_pb_text][\/et_pb_column][\/et_pb_row][et_pb_row _builder_version=&#8221;4.25.1&#8243; _module_preset=&#8221;default&#8221; max_width=&#8221;1280px&#8221; global_colors_info=&#8221;{}&#8221; theme_builder_area=&#8221;post_content&#8221;][et_pb_column type=&#8221;4_4&#8243; _builder_version=&#8221;4.16&#8243; _module_preset=&#8221;default&#8221; global_colors_info=&#8221;{}&#8221; theme_builder_area=&#8221;post_content&#8221;][et_pb_text _builder_version=&#8221;4.26.0&#8243; _module_preset=&#8221;default&#8221; text_orientation=&#8221;center&#8221; hover_enabled=&#8221;0&#8243; global_colors_info=&#8221;{}&#8221; theme_builder_area=&#8221;post_content&#8221; sticky_enabled=&#8221;0&#8243;]<\/p>\n<p><span><div class=\"rl-gallery-container rl-loading\" id=\"rl-gallery-container-1\" data-gallery_id=\"76015\"> <div class=\"rl-gallery rl-basicgrid-gallery \" id=\"rl-gallery-1\" data-gallery_no=\"1\"> <div class=\"rl-gallery-item\"><a href=\"https:\/\/mountainbikemovement.com\/wp-content\/uploads\/2025\/02\/mountainbikemovement_Lakebike_trailfraese_IMG_0785-1-768x1024.jpeg\" title=\"\" data-rl_title=\"\" class=\"rl-gallery-link\" data-rl_caption=\"\" data-rel=\"lightbox-gallery-1\"><img loading=\"lazy\" decoding=\"async\" src=\"https:\/\/mountainbikemovement.com\/wp-content\/uploads\/2025\/02\/mountainbikemovement_Lakebike_trailfraese_IMG_0785-1-225x300.jpeg\" width=\"225\" height=\"300\" alt=\"Ein Feldweg an einem grasbewachsenen Hang f\u00fchrt zu einem Baustellen-Warnschild mit einem Arbeitersymbol. In der N\u00e4he steht ein Metallmast, im Hintergrund sind B\u00e4ume zu sehen. Das unebene Gel\u00e4nde ist gepr\u00e4gt von losen Steinen und Grasflecken.\" \/><\/a><\/div><div class=\"rl-gallery-item\"><a href=\"https:\/\/mountainbikemovement.com\/wp-content\/uploads\/2025\/02\/mountainbikemovement_Lakebike_trailfraese_IMG_0786-1-768x1024.jpeg\" title=\"\" data-rl_title=\"\" class=\"rl-gallery-link\" data-rl_caption=\"\" data-rel=\"lightbox-gallery-1\"><img loading=\"lazy\" decoding=\"async\" src=\"https:\/\/mountainbikemovement.com\/wp-content\/uploads\/2025\/02\/mountainbikemovement_Lakebike_trailfraese_IMG_0786-1-225x300.jpeg\" width=\"225\" height=\"300\" alt=\"Ein orangefarbener, ferngesteuerter Raupenm\u00e4her auf einem Erdhang mit Blick auf ein malerisches Tal, das sich perfekt f\u00fcr Mountainbike-Abenteuer eignet, mit B\u00e4umen, Feldern, einem See und Bergen in der Ferne unter einem blauen Himmel mit d\u00fcnnen Wolken.\" \/><\/a><\/div><div class=\"rl-gallery-item\"><a href=\"https:\/\/mountainbikemovement.com\/wp-content\/uploads\/2025\/02\/mountainbikemovement_Lakebike_trailfraese_IMG_0787-1-768x1024.jpeg\" title=\"\" data-rl_title=\"\" class=\"rl-gallery-link\" data-rl_caption=\"\" data-rel=\"lightbox-gallery-1\"><img loading=\"lazy\" decoding=\"async\" src=\"https:\/\/mountainbikemovement.com\/wp-content\/uploads\/2025\/02\/mountainbikemovement_Lakebike_trailfraese_IMG_0787-1-225x300.jpeg\" width=\"225\" height=\"300\" alt=\"Ein unbefestigter Weg schl\u00e4ngelt sich bergauf durch ein grasbewachsenes, teilweise bewaldetes Gebiet mit hohen immergr\u00fcnen B\u00e4umen im Hintergrund. Auf der linken Seite dieser malerischen Mountainbike-Strecke steht ein Holzpfosten mit einem kleinen Schild.\" \/><\/a><\/div><div class=\"rl-gallery-item\"><a href=\"https:\/\/mountainbikemovement.com\/wp-content\/uploads\/2025\/02\/mountainbikemovement_Lakebike_trailfraese_IMG_0788-768x1024.jpeg\" title=\"\" data-rl_title=\"\" class=\"rl-gallery-link\" data-rl_caption=\"\" data-rel=\"lightbox-gallery-1\"><img loading=\"lazy\" decoding=\"async\" src=\"https:\/\/mountainbikemovement.com\/wp-content\/uploads\/2025\/02\/mountainbikemovement_Lakebike_trailfraese_IMG_0788-225x300.jpeg\" width=\"225\" height=\"300\" alt=\"Ein kleiner, orangefarbener, ferngesteuerter Raupenm\u00e4her steht auf einem Feldweg an einem grasbewachsenen Hang und \u00fcberblickt eine Talstadt und einen immergr\u00fcnen Wald \u2013 das perfekte Gel\u00e4nde f\u00fcr Mountainbike-Abenteuer unter dem bew\u00f6lkten Himmel.\" \/><\/a><\/div><div class=\"rl-gallery-item\"><a href=\"https:\/\/mountainbikemovement.com\/wp-content\/uploads\/2025\/02\/mountainbikemovement_Lakebike_trailfraese_IMG_0792-768x1024.jpeg\" title=\"\" data-rl_title=\"\" class=\"rl-gallery-link\" data-rl_caption=\"\" data-rel=\"lightbox-gallery-1\"><img loading=\"lazy\" decoding=\"async\" src=\"https:\/\/mountainbikemovement.com\/wp-content\/uploads\/2025\/02\/mountainbikemovement_Lakebike_trailfraese_IMG_0792-225x300.jpeg\" width=\"225\" height=\"300\" alt=\"Eine Nahaufnahme von hinten auf eine Erdbewegungsmaschine auf einem Bergpfad, mit einer neu gebauten Strecke vor uns und B\u00e4umen und Bergen im Hintergrund unter einem bew\u00f6lkten Himmel \u2013 perfekt f\u00fcr die Mountainbike-Bewegung.\" \/><\/a><\/div><div class=\"rl-gallery-item\"><a href=\"https:\/\/mountainbikemovement.com\/wp-content\/uploads\/2025\/02\/mountainbikemovement_Lakebike_trailfraese_IMG_1293-768x1024.jpeg\" title=\"\" data-rl_title=\"\" class=\"rl-gallery-link\" data-rl_caption=\"\" data-rel=\"lightbox-gallery-1\"><img loading=\"lazy\" decoding=\"async\" src=\"https:\/\/mountainbikemovement.com\/wp-content\/uploads\/2025\/02\/mountainbikemovement_Lakebike_trailfraese_IMG_1293-225x300.jpeg\" width=\"225\" height=\"300\" alt=\"Ein unbefestigter Mountainbike-Trail in einem gr\u00fcnen Waldgebiet ist mit rot-wei\u00dfem Band abgesperrt. Schilder mit Warnungen und Informationen sind in der N\u00e4he eines Holzzauns aufgestellt, und neben dem abgesperrten Eingang liegt ein dreieckiges Warnschild auf dem Boden.\" \/><\/a><\/div><div class=\"rl-gallery-item\"><a href=\"https:\/\/mountainbikemovement.com\/wp-content\/uploads\/2025\/02\/mountainbikemovement_Lakebike_trailfraese_IMG_1294-768x1024.jpeg\" title=\"\" data-rl_title=\"\" class=\"rl-gallery-link\" data-rl_caption=\"\" data-rel=\"lightbox-gallery-1\"><img loading=\"lazy\" decoding=\"async\" src=\"https:\/\/mountainbikemovement.com\/wp-content\/uploads\/2025\/02\/mountainbikemovement_Lakebike_trailfraese_IMG_1294-225x300.jpeg\" width=\"225\" height=\"300\" alt=\"Ein unbefestigter Mountainbike-Pfad durch ein Waldgebiet ist mit rot-wei\u00dfem Band und einem dreieckigen Baustellenschild abgesperrt, das auf die Sperrung hinweist. B\u00e4ume und gr\u00fcnes Gras umgeben die Szene.\" \/><\/a><\/div><div class=\"rl-gallery-item\"><a href=\"https:\/\/mountainbikemovement.com\/wp-content\/uploads\/2025\/02\/mountainbikemovement_Lakebike_trailfraese_IMG_1295-768x1024.jpeg\" title=\"\" data-rl_title=\"\" class=\"rl-gallery-link\" data-rl_caption=\"\" data-rel=\"lightbox-gallery-1\"><img loading=\"lazy\" decoding=\"async\" src=\"https:\/\/mountainbikemovement.com\/wp-content\/uploads\/2025\/02\/mountainbikemovement_Lakebike_trailfraese_IMG_1295-225x300.jpeg\" width=\"225\" height=\"300\" alt=\"Ein wei\u00dfer SUV mit der Aufschrift \u201eMountainbikemovement\u201c an der Seite steht auf einem Schotterweg in einem Waldst\u00fcck, wo Absperrband und ein Warnschild die Mountainbike-Strecke vor Ihnen blockieren.\" \/><\/a><\/div><div class=\"rl-gallery-item\"><a href=\"https:\/\/mountainbikemovement.com\/wp-content\/uploads\/2025\/02\/mountainbikemovement_Lakebike_trailfraese_IMG_1297-768x1024.jpeg\" title=\"\" data-rl_title=\"\" class=\"rl-gallery-link\" data-rl_caption=\"\" data-rel=\"lightbox-gallery-1\"><img loading=\"lazy\" decoding=\"async\" src=\"https:\/\/mountainbikemovement.com\/wp-content\/uploads\/2025\/02\/mountainbikemovement_Lakebike_trailfraese_IMG_1297-225x300.jpeg\" width=\"225\" height=\"300\" alt=\"Im Vordergrund steht ein Schild f\u00fcr den Alban-Berg-Trail. Er markiert eine malerische Mountainbike-Route mit einem See und bewaldeten Bergen unter einem bew\u00f6lkten Himmel im Hintergrund. In der N\u00e4he des Wassers sind B\u00e4ume und H\u00e4user zu sehen.\" \/><\/a><\/div><div class=\"rl-gallery-item\"><a href=\"https:\/\/mountainbikemovement.com\/wp-content\/uploads\/2025\/02\/mountainbikemovement_Lakebike_trailfraese_IMG_1299-768x1024.jpeg\" title=\"\" data-rl_title=\"\" class=\"rl-gallery-link\" data-rl_caption=\"\" data-rel=\"lightbox-gallery-1\"><img loading=\"lazy\" decoding=\"async\" src=\"https:\/\/mountainbikemovement.com\/wp-content\/uploads\/2025\/02\/mountainbikemovement_Lakebike_trailfraese_IMG_1299-225x300.jpeg\" width=\"225\" height=\"300\" alt=\"Eine Person in einer orangefarbenen Weste bedient eine kleine Raupenmaschine auf einem Feldweg mit Blick auf einen See und einen nebligen, baumbedeckten Berg unter einem bew\u00f6lkten Himmel. Dichtes gr\u00fcnes Laub umgibt das Gebiet.\" \/><\/a><\/div><div class=\"rl-gallery-item\"><a href=\"https:\/\/mountainbikemovement.com\/wp-content\/uploads\/2025\/02\/mountainbikemovement_Lakebike_trailfraese_IMG_1303-768x1024.jpeg\" title=\"\" data-rl_title=\"\" class=\"rl-gallery-link\" data-rl_caption=\"\" data-rel=\"lightbox-gallery-1\"><img loading=\"lazy\" decoding=\"async\" src=\"https:\/\/mountainbikemovement.com\/wp-content\/uploads\/2025\/02\/mountainbikemovement_Lakebike_trailfraese_IMG_1303-225x300.jpeg\" width=\"225\" height=\"300\" alt=\"Ein Feldweg schl\u00e4ngelt sich durch einen \u00fcppigen gr\u00fcnen Wald mit hohen B\u00e4umen, perfekt f\u00fcr Mountainbike-Fans, und f\u00fchrt zu einem See und Bergen, die unter einem strahlend blauen Himmel teilweise von Wolken bedeckt sind.\" \/><\/a><\/div><div class=\"rl-gallery-item\"><a href=\"https:\/\/mountainbikemovement.com\/wp-content\/uploads\/2025\/02\/mountainbikemovement_Lakebike_trailfraese_IMG_1310-768x1024.jpeg\" title=\"\" data-rl_title=\"\" class=\"rl-gallery-link\" data-rl_caption=\"\" data-rel=\"lightbox-gallery-1\"><img loading=\"lazy\" decoding=\"async\" src=\"https:\/\/mountainbikemovement.com\/wp-content\/uploads\/2025\/02\/mountainbikemovement_Lakebike_trailfraese_IMG_1310-225x300.jpeg\" width=\"225\" height=\"300\" alt=\"Ein Feldweg schl\u00e4ngelt sich an einem grasbewachsenen H\u00fcgel entlang, von dem aus man einen gro\u00dfen See \u00fcberblicken kann. Im Hintergrund sind Berge und W\u00e4lder unter einem bew\u00f6lkten Himmel zu sehen \u2013 perfekt f\u00fcr Mountainbike-Enthusiasten.\" \/><\/a><\/div><div class=\"rl-gallery-item\"><a href=\"https:\/\/mountainbikemovement.com\/wp-content\/uploads\/2025\/02\/mountainbikemovement_Lakebike_trailfraese_IMG_1331-768x1024.jpeg\" title=\"\" data-rl_title=\"\" class=\"rl-gallery-link\" data-rl_caption=\"\" data-rel=\"lightbox-gallery-1\"><img loading=\"lazy\" decoding=\"async\" src=\"https:\/\/mountainbikemovement.com\/wp-content\/uploads\/2025\/02\/mountainbikemovement_Lakebike_trailfraese_IMG_1331-225x300.jpeg\" width=\"225\" height=\"300\" alt=\"Zwischen gr\u00fcnem Laub und B\u00e4umen ist auf einem Bergpfad teilweise ein kleiner Bagger zu sehen. Im Hintergrund sind unter einem bew\u00f6lkten Himmel Berge zu sehen, w\u00e4hrend sich ein gewundener Feldweg perfekt f\u00fcr Mountainbike-Abenteuer eignet.\" \/><\/a><\/div><div class=\"rl-gallery-item\"><a href=\"https:\/\/mountainbikemovement.com\/wp-content\/uploads\/2025\/02\/mountainbikemovement_Lakebike_trailfraese_IMG_1336-768x1024.jpeg\" title=\"\" data-rl_title=\"\" class=\"rl-gallery-link\" data-rl_caption=\"\" data-rel=\"lightbox-gallery-1\"><img loading=\"lazy\" decoding=\"async\" src=\"https:\/\/mountainbikemovement.com\/wp-content\/uploads\/2025\/02\/mountainbikemovement_Lakebike_trailfraese_IMG_1336-225x300.jpeg\" width=\"225\" height=\"300\" alt=\"Ein kleiner Bagger und eine rote Kompaktmaschine stehen auf einem Feldweg, umgeben von \u00fcppigem Gr\u00fcn, was auf die Arbeit an einem Mountainbike-Trail hindeutet, mit B\u00e4umen, Bergen und einem teilweise bew\u00f6lkten Himmel im Hintergrund.\" \/><\/a><\/div> <\/div> <\/div><\/span><\/p>\n<p>[\/et_pb_text][\/et_pb_column][\/et_pb_row][\/et_pb_section]<\/p>\n","protected":false},"excerpt":{"rendered":"<p>Lakebike Trail Milling MachineOn the trail at Baumgartner H\u00f6he and Lake Ossiach, our unique narrow trail milling machine and small excavators come into play. We precisely shape the terrain: breaking rocks, refining jumps, and compacting the trail\u2014ensuring a technically optimized riding experience.Narrow-Gauge Trail Milling Machine<div class=\"rl-gallery-container rl-loading\" id=\"rl-gallery-container-2\" data-gallery_id=\"76015\"> <div class=\"rl-gallery rl-basicgrid-gallery \" id=\"rl-gallery-2\" data-gallery_no=\"2\"> <div class=\"rl-gallery-item\"><a href=\"https:\/\/mountainbikemovement.com\/wp-content\/uploads\/2025\/02\/mountainbikemovement_Lakebike_trailfraese_IMG_0785-1-768x1024.jpeg\" title=\"\" data-rl_title=\"\" class=\"rl-gallery-link\" data-rl_caption=\"\" data-rel=\"lightbox-gallery-2\"><img loading=\"lazy\" decoding=\"async\" src=\"https:\/\/mountainbikemovement.com\/wp-content\/uploads\/2025\/02\/mountainbikemovement_Lakebike_trailfraese_IMG_0785-1-225x300.jpeg\" width=\"225\" height=\"300\" alt=\"Ein Feldweg an einem grasbewachsenen Hang f\u00fchrt zu einem Baustellen-Warnschild mit einem Arbeitersymbol. In der N\u00e4he steht ein Metallmast, im Hintergrund sind B\u00e4ume zu sehen. Das unebene Gel\u00e4nde ist gepr\u00e4gt von losen Steinen und Grasflecken.\" \/><\/a><\/div><div class=\"rl-gallery-item\"><a href=\"https:\/\/mountainbikemovement.com\/wp-content\/uploads\/2025\/02\/mountainbikemovement_Lakebike_trailfraese_IMG_0786-1-768x1024.jpeg\" title=\"\" data-rl_title=\"\" class=\"rl-gallery-link\" data-rl_caption=\"\" data-rel=\"lightbox-gallery-2\"><img loading=\"lazy\" decoding=\"async\" src=\"https:\/\/mountainbikemovement.com\/wp-content\/uploads\/2025\/02\/mountainbikemovement_Lakebike_trailfraese_IMG_0786-1-225x300.jpeg\" width=\"225\" height=\"300\" alt=\"Ein orangefarbener, ferngesteuerter Raupenm\u00e4her auf einem Erdhang mit Blick auf ein malerisches Tal, das sich perfekt f\u00fcr Mountainbike-Abenteuer eignet, mit B\u00e4umen, Feldern, einem See und Bergen in der Ferne unter einem blauen Himmel mit d\u00fcnnen Wolken.\" \/><\/a><\/div><div class=\"rl-gallery-item\"><a href=\"https:\/\/mountainbikemovement.com\/wp-content\/uploads\/2025\/02\/mountainbikemovement_Lakebike_trailfraese_IMG_0787-1-768x1024.jpeg\" title=\"\" data-rl_title=\"\" class=\"rl-gallery-link\" data-rl_caption=\"\" data-rel=\"lightbox-gallery-2\"><img loading=\"lazy\" decoding=\"async\" src=\"https:\/\/mountainbikemovement.com\/wp-content\/uploads\/2025\/02\/mountainbikemovement_Lakebike_trailfraese_IMG_0787-1-225x300.jpeg\" width=\"225\" height=\"300\" alt=\"Ein unbefestigter Weg schl\u00e4ngelt sich bergauf durch ein grasbewachsenes, teilweise bewaldetes Gebiet mit hohen immergr\u00fcnen B\u00e4umen im Hintergrund. Auf der linken Seite dieser malerischen Mountainbike-Strecke steht ein Holzpfosten mit einem kleinen Schild.\" \/><\/a><\/div><div class=\"rl-gallery-item\"><a href=\"https:\/\/mountainbikemovement.com\/wp-content\/uploads\/2025\/02\/mountainbikemovement_Lakebike_trailfraese_IMG_0788-768x1024.jpeg\" title=\"\" data-rl_title=\"\" class=\"rl-gallery-link\" data-rl_caption=\"\" data-rel=\"lightbox-gallery-2\"><img loading=\"lazy\" decoding=\"async\" src=\"https:\/\/mountainbikemovement.com\/wp-content\/uploads\/2025\/02\/mountainbikemovement_Lakebike_trailfraese_IMG_0788-225x300.jpeg\" width=\"225\" height=\"300\" alt=\"Ein kleiner, orangefarbener, ferngesteuerter Raupenm\u00e4her steht auf einem Feldweg an einem grasbewachsenen Hang und \u00fcberblickt eine Talstadt und einen immergr\u00fcnen Wald \u2013 das perfekte Gel\u00e4nde f\u00fcr Mountainbike-Abenteuer unter dem bew\u00f6lkten Himmel.\" \/><\/a><\/div><div class=\"rl-gallery-item\"><a href=\"https:\/\/mountainbikemovement.com\/wp-content\/uploads\/2025\/02\/mountainbikemovement_Lakebike_trailfraese_IMG_0792-768x1024.jpeg\" title=\"\" data-rl_title=\"\" class=\"rl-gallery-link\" data-rl_caption=\"\" data-rel=\"lightbox-gallery-2\"><img loading=\"lazy\" decoding=\"async\" src=\"https:\/\/mountainbikemovement.com\/wp-content\/uploads\/2025\/02\/mountainbikemovement_Lakebike_trailfraese_IMG_0792-225x300.jpeg\" width=\"225\" height=\"300\" alt=\"Eine Nahaufnahme von hinten auf eine Erdbewegungsmaschine auf einem Bergpfad, mit einer neu gebauten Strecke vor uns und B\u00e4umen und Bergen im Hintergrund unter einem bew\u00f6lkten Himmel \u2013 perfekt f\u00fcr die Mountainbike-Bewegung.\" \/><\/a><\/div><div class=\"rl-gallery-item\"><a href=\"https:\/\/mountainbikemovement.com\/wp-content\/uploads\/2025\/02\/mountainbikemovement_Lakebike_trailfraese_IMG_1293-768x1024.jpeg\" title=\"\" data-rl_title=\"\" class=\"rl-gallery-link\" data-rl_caption=\"\" data-rel=\"lightbox-gallery-2\"><img loading=\"lazy\" decoding=\"async\" src=\"https:\/\/mountainbikemovement.com\/wp-content\/uploads\/2025\/02\/mountainbikemovement_Lakebike_trailfraese_IMG_1293-225x300.jpeg\" width=\"225\" height=\"300\" alt=\"Ein unbefestigter Mountainbike-Trail in einem gr\u00fcnen Waldgebiet ist mit rot-wei\u00dfem Band abgesperrt. Schilder mit Warnungen und Informationen sind in der N\u00e4he eines Holzzauns aufgestellt, und neben dem abgesperrten Eingang liegt ein dreieckiges Warnschild auf dem Boden.\" \/><\/a><\/div><div class=\"rl-gallery-item\"><a href=\"https:\/\/mountainbikemovement.com\/wp-content\/uploads\/2025\/02\/mountainbikemovement_Lakebike_trailfraese_IMG_1294-768x1024.jpeg\" title=\"\" data-rl_title=\"\" class=\"rl-gallery-link\" data-rl_caption=\"\" data-rel=\"lightbox-gallery-2\"><img loading=\"lazy\" decoding=\"async\" src=\"https:\/\/mountainbikemovement.com\/wp-content\/uploads\/2025\/02\/mountainbikemovement_Lakebike_trailfraese_IMG_1294-225x300.jpeg\" width=\"225\" height=\"300\" alt=\"Ein unbefestigter Mountainbike-Pfad durch ein Waldgebiet ist mit rot-wei\u00dfem Band und einem dreieckigen Baustellenschild abgesperrt, das auf die Sperrung hinweist. B\u00e4ume und gr\u00fcnes Gras umgeben die Szene.\" \/><\/a><\/div><div class=\"rl-gallery-item\"><a href=\"https:\/\/mountainbikemovement.com\/wp-content\/uploads\/2025\/02\/mountainbikemovement_Lakebike_trailfraese_IMG_1295-768x1024.jpeg\" title=\"\" data-rl_title=\"\" class=\"rl-gallery-link\" data-rl_caption=\"\" data-rel=\"lightbox-gallery-2\"><img loading=\"lazy\" decoding=\"async\" src=\"https:\/\/mountainbikemovement.com\/wp-content\/uploads\/2025\/02\/mountainbikemovement_Lakebike_trailfraese_IMG_1295-225x300.jpeg\" width=\"225\" height=\"300\" alt=\"Ein wei\u00dfer SUV mit der Aufschrift \u201eMountainbikemovement\u201c an der Seite steht auf einem Schotterweg in einem Waldst\u00fcck, wo Absperrband und ein Warnschild die Mountainbike-Strecke vor Ihnen blockieren.\" \/><\/a><\/div><div class=\"rl-gallery-item\"><a href=\"https:\/\/mountainbikemovement.com\/wp-content\/uploads\/2025\/02\/mountainbikemovement_Lakebike_trailfraese_IMG_1297-768x1024.jpeg\" title=\"\" data-rl_title=\"\" class=\"rl-gallery-link\" data-rl_caption=\"\" data-rel=\"lightbox-gallery-2\"><img loading=\"lazy\" decoding=\"async\" src=\"https:\/\/mountainbikemovement.com\/wp-content\/uploads\/2025\/02\/mountainbikemovement_Lakebike_trailfraese_IMG_1297-225x300.jpeg\" width=\"225\" height=\"300\" alt=\"Im Vordergrund steht ein Schild f\u00fcr den Alban-Berg-Trail. Er markiert eine malerische Mountainbike-Route mit einem See und bewaldeten Bergen unter einem bew\u00f6lkten Himmel im Hintergrund. In der N\u00e4he des Wassers sind B\u00e4ume und H\u00e4user zu sehen.\" \/><\/a><\/div><div class=\"rl-gallery-item\"><a href=\"https:\/\/mountainbikemovement.com\/wp-content\/uploads\/2025\/02\/mountainbikemovement_Lakebike_trailfraese_IMG_1299-768x1024.jpeg\" title=\"\" data-rl_title=\"\" class=\"rl-gallery-link\" data-rl_caption=\"\" data-rel=\"lightbox-gallery-2\"><img loading=\"lazy\" decoding=\"async\" src=\"https:\/\/mountainbikemovement.com\/wp-content\/uploads\/2025\/02\/mountainbikemovement_Lakebike_trailfraese_IMG_1299-225x300.jpeg\" width=\"225\" height=\"300\" alt=\"Eine Person in einer orangefarbenen Weste bedient eine kleine Raupenmaschine auf einem Feldweg mit Blick auf einen See und einen nebligen, baumbedeckten Berg unter einem bew\u00f6lkten Himmel. Dichtes gr\u00fcnes Laub umgibt das Gebiet.\" \/><\/a><\/div><div class=\"rl-gallery-item\"><a href=\"https:\/\/mountainbikemovement.com\/wp-content\/uploads\/2025\/02\/mountainbikemovement_Lakebike_trailfraese_IMG_1303-768x1024.jpeg\" title=\"\" data-rl_title=\"\" class=\"rl-gallery-link\" data-rl_caption=\"\" data-rel=\"lightbox-gallery-2\"><img loading=\"lazy\" decoding=\"async\" src=\"https:\/\/mountainbikemovement.com\/wp-content\/uploads\/2025\/02\/mountainbikemovement_Lakebike_trailfraese_IMG_1303-225x300.jpeg\" width=\"225\" height=\"300\" alt=\"Ein Feldweg schl\u00e4ngelt sich durch einen \u00fcppigen gr\u00fcnen Wald mit hohen B\u00e4umen, perfekt f\u00fcr Mountainbike-Fans, und f\u00fchrt zu einem See und Bergen, die unter einem strahlend blauen Himmel teilweise von Wolken bedeckt sind.\" \/><\/a><\/div><div class=\"rl-gallery-item\"><a href=\"https:\/\/mountainbikemovement.com\/wp-content\/uploads\/2025\/02\/mountainbikemovement_Lakebike_trailfraese_IMG_1310-768x1024.jpeg\" title=\"\" data-rl_title=\"\" class=\"rl-gallery-link\" data-rl_caption=\"\" data-rel=\"lightbox-gallery-2\"><img loading=\"lazy\" decoding=\"async\" src=\"https:\/\/mountainbikemovement.com\/wp-content\/uploads\/2025\/02\/mountainbikemovement_Lakebike_trailfraese_IMG_1310-225x300.jpeg\" width=\"225\" height=\"300\" alt=\"Ein Feldweg schl\u00e4ngelt sich an einem grasbewachsenen H\u00fcgel entlang, von dem aus man einen gro\u00dfen See \u00fcberblicken kann. Im Hintergrund sind Berge und W\u00e4lder unter einem bew\u00f6lkten Himmel zu sehen \u2013 perfekt f\u00fcr Mountainbike-Enthusiasten.\" \/><\/a><\/div><div class=\"rl-gallery-item\"><a href=\"https:\/\/mountainbikemovement.com\/wp-content\/uploads\/2025\/02\/mountainbikemovement_Lakebike_trailfraese_IMG_1331-768x1024.jpeg\" title=\"\" data-rl_title=\"\" class=\"rl-gallery-link\" data-rl_caption=\"\" data-rel=\"lightbox-gallery-2\"><img loading=\"lazy\" decoding=\"async\" src=\"https:\/\/mountainbikemovement.com\/wp-content\/uploads\/2025\/02\/mountainbikemovement_Lakebike_trailfraese_IMG_1331-225x300.jpeg\" width=\"225\" height=\"300\" alt=\"Zwischen gr\u00fcnem Laub und B\u00e4umen ist auf einem Bergpfad teilweise ein kleiner Bagger zu sehen. Im Hintergrund sind unter einem bew\u00f6lkten Himmel Berge zu sehen, w\u00e4hrend sich ein gewundener Feldweg perfekt f\u00fcr Mountainbike-Abenteuer eignet.\" \/><\/a><\/div><div class=\"rl-gallery-item\"><a href=\"https:\/\/mountainbikemovement.com\/wp-content\/uploads\/2025\/02\/mountainbikemovement_Lakebike_trailfraese_IMG_1336-768x1024.jpeg\" title=\"\" data-rl_title=\"\" class=\"rl-gallery-link\" data-rl_caption=\"\" data-rel=\"lightbox-gallery-2\"><img loading=\"lazy\" decoding=\"async\" src=\"https:\/\/mountainbikemovement.com\/wp-content\/uploads\/2025\/02\/mountainbikemovement_Lakebike_trailfraese_IMG_1336-225x300.jpeg\" width=\"225\" height=\"300\" alt=\"Ein kleiner Bagger und eine rote Kompaktmaschine stehen auf einem Feldweg, umgeben von \u00fcppigem Gr\u00fcn, was auf die Arbeit an einem Mountainbike-Trail hindeutet, mit B\u00e4umen, Bergen und einem teilweise bew\u00f6lkten Himmel im Hintergrund.\" \/><\/a><\/div> <\/div> <\/div><\/p>\n","protected":false},"author":1,"featured_media":76004,"comment_status":"open","ping_status":"closed","template":"","meta":{"_et_pb_use_builder":"on","_et_pb_old_content":"","_et_gb_content_width":"","footnotes":""},"project_category":[57],"project_tag":[],"class_list":["post-76691","project","type-project","status-publish","has-post-thumbnail","hentry","project_category-narrow-milling-machine"],"_links":{"self":[{"href":"https:\/\/mountainbikemovement.com\/en\/wp-json\/wp\/v2\/project\/76691","targetHints":{"allow":["GET"]}}],"collection":[{"href":"https:\/\/mountainbikemovement.com\/en\/wp-json\/wp\/v2\/project"}],"about":[{"href":"https:\/\/mountainbikemovement.com\/en\/wp-json\/wp\/v2\/types\/project"}],"author":[{"embeddable":true,"href":"https:\/\/mountainbikemovement.com\/en\/wp-json\/wp\/v2\/users\/1"}],"replies":[{"embeddable":true,"href":"https:\/\/mountainbikemovement.com\/en\/wp-json\/wp\/v2\/comments?post=76691"}],"version-history":[{"count":6,"href":"https:\/\/mountainbikemovement.com\/en\/wp-json\/wp\/v2\/project\/76691\/revisions"}],"predecessor-version":[{"id":76779,"href":"https:\/\/mountainbikemovement.com\/en\/wp-json\/wp\/v2\/project\/76691\/revisions\/76779"}],"wp:featuredmedia":[{"embeddable":true,"href":"https:\/\/mountainbikemovement.com\/en\/wp-json\/wp\/v2\/media\/76004"}],"wp:attachment":[{"href":"https:\/\/mountainbikemovement.com\/en\/wp-json\/wp\/v2\/media?parent=76691"}],"wp:term":[{"taxonomy":"project_category","embeddable":true,"href":"https:\/\/mountainbikemovement.com\/en\/wp-json\/wp\/v2\/project_category?post=76691"},{"taxonomy":"project_tag","embeddable":true,"href":"https:\/\/mountainbikemovement.com\/en\/wp-json\/wp\/v2\/project_tag?post=76691"}],"curies":[{"name":"wp","href":"https:\/\/api.w.org\/{rel}","templated":true}]}}